{"id":4,"date":"2019-06-20T16:29:20","date_gmt":"2019-06-20T16:29:20","guid":{"rendered":"https:\/\/web-321.de\/hygiene\/?p=4"},"modified":"2026-01-26T10:48:01","modified_gmt":"2026-01-26T10:48:01","slug":"home","status":"publish","type":"page","link":"https:\/\/intensivfahrschule-bannat.de\/","title":{"rendered":"Home"},"content":{"rendered":"<p><img decoding=\"async\" src=\"\/wp-content\/uploads\/2021\/05\/intensivfahrschule_logo.svg\" alt=\"\"><\/p>\n<div>\n<div>\n<h5 style=\"margin: 0px;\">Ruf uns an<\/h5>\n<p><a style=\"font-weight: bold; font-size: 18px; margin: 0px;\" href=\"tel:+491749873738\">0174 9873738<\/a><\/div>\n<\/div>\n<div>\n<div>\n<h5 style=\"margin: 0px;\">Erreichbar von<\/h5>\n<p style=\"color: white; font-weight: bold; font-size: 15px; margin: 0px;\">Mo-Fr: 09:00 &#8211; 18:00 Uhr<\/p>\n<\/div>\n<\/div>\n<p><p>\n        <a href=\"#buchen\">Kurs buchen<\/a>\n    <\/p>\n<\/p>\n<p><img decoding=\"async\" src=\"\/wp-content\/uploads\/2021\/05\/intensivfahrschule_logo.svg\" alt=\"\"><\/p>\n<ul>\n<li>\n        <a href=\"#intensiv\">Intensiv Fahrschule<\/a>\n    <\/li>\n<li>\n        <a href=\"#kosten\">Kosten<\/a>\n    <\/li>\n<li>\n        <a href=\"#faq\">FAQ<\/a>\n    <\/li>\n<li>\n        <a href=\"#uebernachtung\">\u00dcbernachtung<\/a>\n    <\/li>\n<li>\n        <a href=\"#buchen\">Jetzt Kurs buchen<\/a>\n    <\/li>\n<\/ul>\n<h1>Neu! Jetzt Unterkunft f\u00fcr deinen Intensivkurs buchen &#8211; <span style=\"text-decoration:underline;\">nur 350 EUR f\u00fcr 14 Tage! <\/span><\/h1>\n<p><p>\n        <a href=\"#uebernachtung\">Jetzt informieren<\/a>\n    <\/p>\n<\/p>\n<h1>Neu! Jetzt Unterkunft f\u00fcr deinen Intensivkurs buchen &#8211; <br \/><span style=\"text-decoration:underline;\">nur 350 EUR f\u00fcr 14 Tage! <\/span><\/h1>\n<p><p>\n        <a href=\"#uebernachtung\">Jetzt informieren<\/a>\n    <\/p>\n<\/p>\n<h1>Wenn es schnell gehen soll<\/h1>\n<h2>Unser F\u00fchrerschein-Intensivkurs <\/h2>\n<div>Nicht jeder hat die Zeit, sich mehrere Monate mit der Fahrausbildung zu besch\u00e4ftigen.<br \/>\nBei uns habt ihr daher die M\u00f6glichkeit, auf Wunsch euren F\u00fchrerschein in nur zwei Wochen zu erwerben. Der entsprechende Intensivkurs kann beispielsweise w\u00e4hrend eures Urlaubs oder der Ferien absolviert werden und beinhaltet von Theoriestunden bis zur Praxis alles, was ihr zur kompetenten Teilnahme am Stra\u00dfenverkehr ben\u00f6tigt.\n<\/div>\n<p><p>\n        <a href=\"#intensiv\">Jetzt Informieren und anmelden<\/a>\n    <\/p>\n<\/p>\n<h1>Wenn es schnell gehen soll<\/h1>\n<h1>Unser F\u00fchrerschein-Intensivkurs <\/h1>\n<div>\n<p>Nicht jeder hat die Zeit, sich mehrere Monate mit der Fahrausbildung zu besch\u00e4ftigen. Bei uns habt ihr daher die M\u00f6glichkeit, auf Wunsch euren F\u00fchrerschein in nur zwei Wochen zu erwerben. <\/p>\n<\/div>\n<p><p>\n        <a href=\"#intensiv\">Jetzt Informieren und anmelden<\/a>\n    <\/p>\n<\/p>\n<h2>Intensiv Fahrschule Bannat<\/h2>\n<h2>Fahren lernen im Handumdrehen!<\/h2>\n<div>Wir bieten euch ein umfangreiches Komplettpaket an, das es euch erm\u00f6glicht, die Ausbildungszeit drastisch zu verk\u00fcrzen und so in k\u00fcrzester Zeit euren F\u00fchrerschein und alle n\u00f6tigen Kenntnisse zu erwerben. <\/div>\n<ul>\n<li>\n<p>        <img decoding=\"async\" src=\"\/wp-content\/uploads\/2021\/05\/fuehrerschein-1.png\" alt=\"\"><\/p>\n<h3>F\u00fchrerschein in 2 Wochen<\/h3>\n<div>Hier ist alles drin! In 14 Tagen bekommt ihr das n\u00f6tige Wissen vermittelt, um am Stra\u00dfenverkehr teilzunehmen. Kompetente Schulung durch unsere Fahrlehrer und Begleitung w\u00e4hrend der gesamten Ausbildungszeit sind selbstverst\u00e4ndlich. <\/div>\n<\/li>\n<li>\n<p>        <img decoding=\"async\" src=\"\/wp-content\/uploads\/2021\/05\/theorie.png\" alt=\"\"><\/p>\n<h3>Theorie in 7 Tagen<\/h3>\n<div>Die Theoriephase umfasst eine Woche, also die H\u00e4lfte der zweiw\u00f6chigen Ausbildung. Vom Erlernen der Verkehrsregeln, Schilder und den techischen Elementen des Fahrzeugs bis hin zur abschlie\u00dfenden Pr\u00fcfung ist hier alles inklusive. <\/div>\n<\/li>\n<li>\n<p>        <img decoding=\"async\" src=\"\/wp-content\/uploads\/2021\/06\/hotel-2.png\" alt=\"\"><\/p>\n<h3><span style=\"font-size:19px;\">Zusatzangebot: \u00dcbernachtung<\/span><\/h3>\n<div>Spart euch die t\u00e4gliche Anfahrt zu unserem Intensivkurs und konzentriert euch voll auf eure Ausbildung! Wir bieten ab sofort eigene Unterk\u00fcnfte vor Ort an. Sichert euch jetzt euren Platz und profitiert von unserem Komfort-Angebot.\n<\/div>\n<\/li>\n<\/ul>\n<h2>Ihr seid neugierig geworden?<br \/> <br \/>\nWir freuen uns auf eure Anmeldung!<br \/>\n<\/h2>\n<p><p>\n        <a href=\"#buchen\">Jetzt Kurs buchen<\/a>\n    <\/p>\n<\/p>\n<h2>Und was kostet mich das Ganze?<\/h2>\n<div>\n<p>Die Frage nach den genauen Kosten ist schwer zu beantworten, da sie von verschiedenen Faktoren abh\u00e4ngt \u2013 unter anderem vom individuellen Lerntempo des Fahrsch\u00fclers. Wir haben hier eine typische Ausbildung f\u00fcr die Klassen B, A, A1, A2, C, C1 und CE durchgerechnet. Abweichungen sind jedoch je nach pers\u00f6nlichen F\u00e4higkeiten und Vorerfahrungen m\u00f6glich.<\/p>\n<\/div>\n<h2>Klasse B<\/h2>\n<div>\n<h3>Praktisches Fahren in 2 Wochen<\/h3>\n<div>\n<ul>\n<li>20 \u00dcbungsstunden \u00e0 45 Min. (80,- EUR je Stunde)<\/li>\n<li>5 \u00dcberlandfahrten \u00e0 45 Min. (80,- EUR je Stunde)<\/li>\n<li>4 Autobahnfahrten \u00e0 45 Min. (80,- EUR je Stunde)<\/li>\n<li>3 Nachtfahrten \u00e0 45 Min. (80,- EUR je Stunde)<\/li>\n<li>Praktische Pr\u00fcfungsvorstellung (200,- EUR)<\/li>\n<\/ul>\n<h4 style=\"text-align: left; margin-top: 55px;\"><strong>2.760,- EUR*<\/strong><\/h4>\n<\/div>\n<\/div>\n<h1>+<\/h1>\n<div>\n<h3>Theorie in 7 Tagen<\/h3>\n<div>\n<ul>\n<li>Grundbetrag (529,- EUR)<\/li>\n<li>Lehrmaterial (99,- EUR)\n<ul>\n<li>\n<p class=\"li_zwei\">Fragen lern App<\/p>\n<\/li>\n<li>\n<p class=\"li_zwei\">Drivers Cam<\/p>\n<\/li>\n<li>\n<p class=\"li_zwei\">Buch (digital)<\/p>\n<\/li>\n<\/ul>\n<\/li>\n<li>Simulator (180,- EUR)\n<ul>\n<li>6 Fahrstunden \u00e0 45 Min. (30,- EUR je Stunde)<\/li>\n<\/ul>\n<\/li>\n<li>Vorstellung zur Theorie-Pr\u00fcfung (52,- EUR)<\/li>\n<\/ul>\n<h4 style=\"margin-top: 0px;\"><strong><br \/>860,- EUR*<\/strong><\/h4>\n<p style=\"font-size: 12px;\">Die Theoriegeb\u00fchr von 830,- EUR wird vor Kursbeginn berechnet, die Praxisausbildung erfolgt separat.<\/p>\n<\/div>\n<\/div>\n<hr>\n<h2>Klasse A, A1 oder A2<\/h2>\n<div>\n<h3>Praxis Modul 8-10 Tage<\/h3>\n<div>\n<ul>\n<li>8 \u00dcbungsstunden \u00e0 45 Min. (95,- EUR je Stunde)<\/li>\n<li>Besondere Ausbildungsfahrten (12 \u00d7 45 Min., 95,- EUR je Stunde)<\/li>\n<li>Praktische Pr\u00fcfungsvorstellung (200,- EUR)<\/li>\n<\/ul>\n<h4 style=\"text-align: left; margin-top: 80px;\"><strong>2.100,- EUR*<\/strong><\/h4>\n<\/div>\n<\/div>\n<h1>+<\/h1>\n<div>\n<h3> Theorie Modul in 7 Tagen<\/h3>\n<div>\n<ul>\n<li>Grundbetrag (529,- EUR)<\/li>\n<li>Lernmittel Klasse A (99,- EUR)\n<ul>\n<li>\n<p class=\"li_zwei\">LernApp<\/p>\n<\/li>\n<li>\n<p class=\"li_zwei\">Drivers Cam<\/p>\n<\/li>\n<li>\n<p class=\"li_zwei\">Buch (digital)<\/p>\n<\/li>\n<\/ul>\n<\/li>\n<li>Vorstellung zur Theorie-Pr\u00fcfung (52,- EUR)\n<\/li>\n<\/ul>\n<h4 style=\"margin-top: 0px;\"><strong>680,- EUR*<\/strong><\/h4>\n<p style=\"font-size: 12px;\">Die Theoriegeb\u00fchr von 650,- EUR wird vor Kursbeginn berechnet, die Praxisausbildung erfolgt separat.<\/p>\n<\/div>\n<\/div>\n<hr>\n<h2>Klasse C + CE<\/h2>\n<div>\n<h3>Praxis Modul 8-10 Tage<\/h3>\n<div>\n<ul>\n<li>8 \u00dcbungsstunden Solo \u00e0 45 Min. (120,- EUR je Stunde)<\/li>\n<li>8 \u00dcbungsstunden mit Anh\u00e4nger \u00e0 45 Min. (125,- EUR je Stunde)<\/li>\n<li>3 \u00dcberlandfahrten Solo \u00e0 45 Min. (120,- EUR je Stunde)<\/li>\n<li>1 Autobahnfahrt Solo \u00e0 45 Min. (120,- EUR je Stunde)<\/li>\n<li>5 \u00dcberlandfahrten mit Anh\u00e4nger \u00e0 45 Min. (125,- EUR je Stunde)<\/li>\n<li>2 Autobahnfahrten mit Anh\u00e4nger \u00e0 45 Min. (125,- EUR je Stunde)<\/li>\n<li>3 Nachtfahrten mit Anh\u00e4nger \u00e0 45 Min. (125,- EUR je Stunde)<\/li>\n<li>Praktische Pr\u00fcfungsvorstellung (249,- EUR)<\/li>\n<\/ul>\n<h4 style=\"text-align: left;\"><strong>3.939,- EUR*<\/strong><\/h4>\n<\/div>\n<\/div>\n<h1>+<\/h1>\n<div>\n<h3> Theorie Modul in 7 Tagen<\/h3>\n<div>\n<ul>\n<li>Grundbetrag (C: 699,- EUR + CE: 199,- EUR)<\/li>\n<li>Lern App (99,- EUR)<\/li>\n<li>Vorstellung zur Theorie-Pr\u00fcfung (52,- EUR)\n<\/li>\n<\/ul>\n<h4 style=\"margin-top: 0px;\"><strong>1.049,- EUR*<\/strong><\/h4>\n<p style=\"font-size: 12px;\">Die Theoriegeb\u00fchr von 1.049,- EUR wird vor Kursbeginn berechnet, die Praxisausbildung erfolgt separat.<\/p>\n<\/div>\n<\/div>\n<hr>\n<h2>Klasse C<\/h2>\n<div>\n<h3>Praxis Modul 8-10 Tage<\/h3>\n<div>\n<ul>\n<li>8 \u00dcbungsstunden \u00e0 45 Min. (120,- EUR je Stunde)<\/li>\n<li>5 \u00dcberlandfahrten \u00e0 45 Min. (120,- EUR je Stunde)<\/li>\n<li>2 Autobahnfahrten \u00e0 45 Min. (120,- EUR je Stunde)<\/li>\n<li>3 Nachtfahrten \u00e0 45 Min. (120,- EUR je Stunde)<\/li>\n<li>Praktische Pr\u00fcfungsvorstellung (249,- EUR)<\/li>\n<\/ul>\n<h4 style=\"text-align: left;\"><strong>2.409,- EUR*<\/strong><\/h4>\n<\/div>\n<\/div>\n<h1>+<\/h1>\n<div>\n<h3> Theorie Modul in 7 Tagen<\/h3>\n<div>\n<ul>\n<li>Grundbetrag (699,- EUR)<\/li>\n<li>Lern App (99,- EUR)<\/li>\n<li>Vorstellung zur Theorie-Pr\u00fcfung (52,- EUR)\n<\/li>\n<\/ul>\n<h4 style=\"margin-top: 0px;\"><strong>850,- EUR*<\/strong><\/h4>\n<p style=\"font-size: 12px;\">Die Theoriegeb\u00fchr von 850,- EUR wird vor Kursbeginn berechnet, die Praxisausbildung erfolgt separat.<\/p>\n<\/div>\n<\/div>\n<hr>\n<h2>Klasse C1<\/h2>\n<div>\n<h3>Praxis Modul 8-10 Tage<\/h3>\n<div>\n<ul>\n<li>8 \u00dcbungsstunden \u00e0 45 Min. (110,- EUR je Stunde)<\/li>\n<li>5 \u00dcberlandfahrten \u00e0 45 Min. (110,- EUR je Stunde)<\/li>\n<li>1 Autobahnfahrt \u00e0 45 Min. (110,- EUR je Stunde)<\/li>\n<li>1 Nachtfahrt \u00e0 45 Min. (110,- EUR je Stunde)<\/li>\n<li>Praktische Pr\u00fcfungsvorstellung (249,- EUR)<\/li>\n<\/ul>\n<h4 style=\"text-align: left;\"><strong>1.899,- EUR*<\/strong><\/h4>\n<\/div>\n<\/div>\n<h1>+<\/h1>\n<div>\n<h3> Theorie Modul in 7 Tagen<\/h3>\n<div>\n<ul>\n<li>Grundbetrag (529,- EUR)<\/li>\n<li>Lern App (99,- EUR)<\/li>\n<li>Vorstellung zur Theorie-Pr\u00fcfung (52,- EUR)\n<\/li>\n<\/ul>\n<h4 style=\"margin-top: 0px;\"><strong>680,- EUR*<\/strong><\/h4>\n<p style=\"font-size: 12px;\">Die Theoriegeb\u00fchr von 650,- EUR wird vor Kursbeginn berechnet, die Praxisausbildung erfolgt separat.<\/p>\n<\/div>\n<\/div>\n<div>\n<p>Die Amtsgeb\u00fchr f\u00fcr den F\u00fchrerscheinantrag und die Pr\u00fcfgeb\u00fchr des T\u00dcV f\u00fcr die Theorie- und Praxispr\u00fcfung sind nicht enthalten.<br \/>Die ben\u00f6tigte Anzahl der \u00dcbungsfahrten variiert je nach individuellem Lernfortschritt.<br \/>Sollten zus\u00e4tzliche Fahrstunden notwendig sein oder Pr\u00fcfungen wiederholt werden, wird dieses separat nachberechnet.<\/p>\n<\/div>\n<div>\n<p>Eine Fahrstunde entspricht 45 Minuten. Die angegebenen Preise verstehen sich pro Fahrstunde (sofern nicht anders angegeben). Gesamtpreise ergeben sich aus der Anzahl der Fahrstunden multipliziert mit dem jeweiligen Einzelpreis.<\/p>\n<\/div>\n<div>\n<p>*Preise verstehen sich inklusive der gesetzlichen MwSt. von 19%<\/p>\n<\/div>\n<h2>Ab sofort!<\/h2>\n<h2>Unterkunft f\u00fcr deinen Intensivkurs<br \/> nur 350 EUR f\u00fcr 14 Tage!<br \/>\n<\/h2>\n<p><video src=\"\/wp-content\/uploads\/FB_Unterkunft_V1.mov\" poster=\"\/wp-content\/uploads\/2022\/03\/2023-12-videoposter.png\"><\/video><\/p>\n<div>\n<p>Unsere Fahrschule bietet dir eine bequeme Unterkunft direkt vor Ort f\u00fcr deinen Intensivkurs. Die Unterkunft steht dir f\u00fcr den gesamten Kurszeitraum zur Verf\u00fcgung und bietet dir eine angenehme Lernatmosph\u00e4re. Du sparst Zeit und Geld f\u00fcr die An- und Abreise sowie f\u00fcr \u00dcbernachtungskosten. Unsere Unterkunft ist komfortabel und funktional eingerichtet und bietet dir alles, was du f\u00fcr einen erfolgreichen Abschluss deines Kurses brauchst.<\/p>\n<p>Buche jetzt deine Unterkunft und konzentriere dich voll und ganz auf deine Ausbildung.<\/p>\n<\/div>\n<p><p>\n        <a href=\"#buchen\">Jetzt Unterkunft buchen!<\/a>\n    <\/p>\n<\/p>\n<ul>\n<li>\n<p>        <img decoding=\"async\" src=\"\/wp-content\/uploads\/2022\/03\/Fahrschule-Bannat-Bilder-Unterkunft-8-1.jpg\" alt=\"\"><\/p>\n<h3>Fahrschule-Bannat&#8212;Bilder-Unterkunft-8<\/h3>\n<\/li>\n<li>\n<p>        <img decoding=\"async\" src=\"\/wp-content\/uploads\/2022\/03\/Fahrschule-Bannat-Bilder-Unterkunft-1-1.jpg\" alt=\"\"><\/p>\n<h3>Fahrschule-Bannat&#8212;Bilder-Unterkunft-1<\/h3>\n<\/li>\n<li>\n<p>        <img decoding=\"async\" src=\"\/wp-content\/uploads\/2022\/03\/Fahrschule-Bannat-Bilder-Unterkunft-2-1.jpg\" alt=\"\"><\/p>\n<h3>Fahrschule-Bannat&#8212;Bilder-Unterkunft-2<\/h3>\n<\/li>\n<li>\n<p>        <img decoding=\"async\" src=\"\/wp-content\/uploads\/2022\/03\/Fahrschule-Bannat-Bilder-Unterkunft-3-1.jpg\" alt=\"\"><\/p>\n<h3>Fahrschule-Bannat&#8212;Bilder-Unterkunft-3<\/h3>\n<\/li>\n<li>\n<p>        <img decoding=\"async\" src=\"\/wp-content\/uploads\/2022\/03\/Fahrschule-Bannat-Bilder-Unterkunft-4-1.jpg\" alt=\"\"><\/p>\n<h3>Fahrschule-Bannat&#8212;Bilder-Unterkunft-4<\/h3>\n<\/li>\n<li>\n<p>        <img decoding=\"async\" src=\"\/wp-content\/uploads\/2022\/03\/Fahrschule-Bannat-Bilder-Unterkunft-5-1.jpg\" alt=\"\"><\/p>\n<h3>Fahrschule-Bannat&#8212;Bilder-Unterkunft-5<\/h3>\n<\/li>\n<li>\n<p>        <img decoding=\"async\" src=\"\/wp-content\/uploads\/2022\/03\/Fahrschule-Bannat-Bilder-Unterkunft-6-1.jpg\" alt=\"\"><\/p>\n<h3>Fahrschule-Bannat&#8212;Bilder-Unterkunft-6<\/h3>\n<\/li>\n<li>\n<p>        <img decoding=\"async\" src=\"\/wp-content\/uploads\/2022\/03\/Fahrschule-Bannat-Bilder-Unterkunft-7-1.jpg\" alt=\"\"><\/p>\n<h3>Fahrschule-Bannat&#8212;Bilder-Unterkunft-7<\/h3>\n<\/li>\n<\/ul>\n<ul>\n<li>\n<p>        <img decoding=\"async\" src=\"\/wp-content\/uploads\/2022\/03\/Fahrschule-Bannat-Bilder-Unterkunft-8-1.jpg\" alt=\"\"><\/p>\n<h3>Fahrschule-Bannat&#8212;Bilder-Unterkunft-8<\/h3>\n<\/li>\n<li>\n<p>        <img decoding=\"async\" src=\"\/wp-content\/uploads\/2022\/03\/Fahrschule-Bannat-Bilder-Unterkunft-1-1.jpg\" alt=\"\"><\/p>\n<h3>Fahrschule-Bannat&#8212;Bilder-Unterkunft-1<\/h3>\n<\/li>\n<li>\n<p>        <img decoding=\"async\" src=\"\/wp-content\/uploads\/2022\/03\/Fahrschule-Bannat-Bilder-Unterkunft-2-1.jpg\" alt=\"\"><\/p>\n<h3>Fahrschule-Bannat&#8212;Bilder-Unterkunft-2<\/h3>\n<\/li>\n<li>\n<p>        <img decoding=\"async\" src=\"\/wp-content\/uploads\/2022\/03\/Fahrschule-Bannat-Bilder-Unterkunft-4-1.jpg\" alt=\"\"><\/p>\n<h3>Fahrschule-Bannat&#8212;Bilder-Unterkunft-4<\/h3>\n<\/li>\n<li>\n<p>        <img decoding=\"async\" src=\"\/wp-content\/uploads\/2022\/03\/Fahrschule-Bannat-Bilder-Unterkunft-5-1.jpg\" alt=\"\"><\/p>\n<h3>Fahrschule-Bannat&#8212;Bilder-Unterkunft-5<\/h3>\n<\/li>\n<li>\n<p>        <img decoding=\"async\" src=\"\/wp-content\/uploads\/2022\/03\/Fahrschule-Bannat-Bilder-Unterkunft-6-1.jpg\" alt=\"\"><\/p>\n<h3>Fahrschule-Bannat&#8212;Bilder-Unterkunft-6<\/h3>\n<\/li>\n<li>\n<p>        <img decoding=\"async\" src=\"\/wp-content\/uploads\/2022\/03\/Fahrschule-Bannat-Bilder-Unterkunft-7-1.jpg\" alt=\"\"><\/p>\n<h3>Fahrschule-Bannat&#8212;Bilder-Unterkunft-7<\/h3>\n<\/li>\n<li>\n<p>        <img decoding=\"async\" src=\"\/wp-content\/uploads\/2022\/03\/Fahrschule-Bannat-Bilder-Unterkunft-3-1.jpg\" alt=\"\"><\/p>\n<h3>Fahrschule-Bannat&#8212;Bilder-Unterkunft-7<\/h3>\n<\/li>\n<\/ul>\n<ul>\n<li>\n<p>        <img decoding=\"async\" src=\"\/wp-content\/uploads\/2022\/03\/IMG-20250407-WA0012.jpg\" alt=\"\"><\/p>\n<h3>IMG-20250407-WA0012<\/h3>\n<\/li>\n<li>\n<p>        <img decoding=\"async\" src=\"\/wp-content\/uploads\/2022\/03\/IMG-20250407-WA0001.jpg\" alt=\"\"><\/p>\n<h3>IMG-20250407-WA0001<\/h3>\n<\/li>\n<li>\n<p>        <img decoding=\"async\" src=\"\/wp-content\/uploads\/2022\/03\/IMG-20250407-WA0002.jpg\" alt=\"\"><\/p>\n<h3>IMG-20250407-WA0002<\/h3>\n<\/li>\n<li>\n<p>        <img decoding=\"async\" src=\"\/wp-content\/uploads\/2022\/03\/IMG-20250407-WA0003.jpg\" alt=\"\"><\/p>\n<h3>IMG-20250407-WA0003<\/h3>\n<\/li>\n<li>\n<p>        <img decoding=\"async\" src=\"\/wp-content\/uploads\/2022\/03\/IMG-20250407-WA0004.jpg\" alt=\"\"><\/p>\n<h3>IMG-20250407-WA0004<\/h3>\n<\/li>\n<li>\n<p>        <img decoding=\"async\" src=\"\/wp-content\/uploads\/2022\/03\/IMG-20250407-WA0005.jpg\" alt=\"\"><\/p>\n<h3>IMG-20250407-WA0005<\/h3>\n<\/li>\n<li>\n<p>        <img decoding=\"async\" src=\"\/wp-content\/uploads\/2022\/03\/IMG-20250407-WA0006.jpg\" alt=\"\"><\/p>\n<h3>IMG-20250407-WA0006<\/h3>\n<\/li>\n<li>\n<p>        <img decoding=\"async\" src=\"\/wp-content\/uploads\/2022\/03\/IMG-20250407-WA0007.jpg\" alt=\"\"><\/p>\n<h3>IMG-20250407-WA0007<\/h3>\n<\/li>\n<li>\n<p>        <img decoding=\"async\" src=\"\/wp-content\/uploads\/2022\/03\/IMG-20250407-WA0008.jpg\" alt=\"\"><\/p>\n<h3>IMG-20250407-WA0008<\/h3>\n<\/li>\n<li>\n<p>        <img decoding=\"async\" src=\"\/wp-content\/uploads\/2022\/03\/IMG-20250407-WA0009.jpg\" alt=\"\"><\/p>\n<h3>IMG-20250407-WA0009<\/h3>\n<\/li>\n<li>\n<p>        <img decoding=\"async\" src=\"\/wp-content\/uploads\/2022\/03\/IMG-20250407-WA0010.jpg\" alt=\"\"><\/p>\n<h3>IMG-20250407-WA0010<\/h3>\n<\/li>\n<li>\n<p>        <img decoding=\"async\" src=\"\/wp-content\/uploads\/2022\/03\/IMG-20250407-WA0011.jpg\" alt=\"\"><\/p>\n<h3>IMG-20250407-WA0011<\/h3>\n<\/li>\n<li>\n<p>        <img decoding=\"async\" src=\"\/wp-content\/uploads\/2022\/03\/IMG-20250407-WA0014.jpg\" alt=\"\"><\/p>\n<h3>IMG-20250407-WA0014<\/h3>\n<\/li>\n<li>\n<p>        <img decoding=\"async\" src=\"\/wp-content\/uploads\/2022\/03\/IMG-20250407-WA0015.jpg\" alt=\"\"><\/p>\n<h3>IMG-20250407-WA0015<\/h3>\n<\/li>\n<li>\n<p>        <img decoding=\"async\" src=\"\/wp-content\/uploads\/2022\/03\/IMG-20250407-WA0016.jpg\" alt=\"\"><\/p>\n<h3>IMG-20250407-WA0016<\/h3>\n<\/li>\n<li>\n<p>        <img decoding=\"async\" src=\"\/wp-content\/uploads\/2022\/03\/IMG-20250407-WA0013.jpg\" alt=\"\"><\/p>\n<h3>IMG-20250407-WA0013<\/h3>\n<\/li>\n<\/ul>\n<h2>NEU: Exklusiv wohnen im Bungalow mit Garten<\/h2>\n<p><video src=\"\/wp-content\/uploads\/2022\/03\/Fahrschule-Bannat_Bungalow-Querformat_V1.mov\" poster=\"\/wp-content\/uploads\/2022\/03\/2023-12-videoposter.jpg\"><\/video><\/p>\n<div>\n<p>F\u00fcr alle, die es etwas ruhiger und privater m\u00f6gen: Ab sofort steht dir auch unser <strong data-start=\"851\" data-end=\"880\">neuer Bungalow mit Garten<\/strong> zur Verf\u00fcgung.<br data-start=\"895\" data-end=\"898\" \/>Ob allein, mit Lernpartner oder als Paar \u2013 hier genie\u00dft du mehr Platz, mehr Privatsph\u00e4re und eine entspannte Atmosph\u00e4re, um dich bestens auf deine Ausbildung zu konzentrieren.<\/p>\n<ul>\n<li>Mehr Raum f\u00fcr dich<\/li>\n<li>Ruhige Lage mit Garten<\/li>\n<li>Ideal auch f\u00fcr zwei Personen<\/li>\n<\/ul>\n<p>Bei Buchung deines Intensivkurses mit Unterkunft einfach angeben, dass du den Bungalow bevorzugst \u2013 wir pr\u00fcfen die Verf\u00fcgbarkeit f\u00fcr dich.<\/p>\n<\/div>\n<ul>\n<li>\n<p>        <img decoding=\"async\" src=\"\/wp-content\/uploads\/2022\/03\/IMG-20250407-WA0012.jpg\" alt=\"\"><\/p>\n<h3>IMG-20250407-WA0012<\/h3>\n<\/li>\n<li>\n<p>        <img decoding=\"async\" src=\"\/wp-content\/uploads\/2022\/03\/IMG-20250407-WA0001.jpg\" alt=\"\"><\/p>\n<h3>IMG-20250407-WA0001<\/h3>\n<\/li>\n<li>\n<p>        <img decoding=\"async\" src=\"\/wp-content\/uploads\/2022\/03\/IMG-20250407-WA0002.jpg\" alt=\"\"><\/p>\n<h3>IMG-20250407-WA0002<\/h3>\n<\/li>\n<li>\n<p>        <img decoding=\"async\" src=\"\/wp-content\/uploads\/2022\/03\/IMG-20250407-WA0003.jpg\" alt=\"\"><\/p>\n<h3>IMG-20250407-WA0003<\/h3>\n<\/li>\n<li>\n<p>        <img decoding=\"async\" src=\"\/wp-content\/uploads\/2022\/03\/IMG-20250407-WA0004.jpg\" alt=\"\"><\/p>\n<h3>IMG-20250407-WA0004<\/h3>\n<\/li>\n<li>\n<p>        <img decoding=\"async\" src=\"\/wp-content\/uploads\/2022\/03\/IMG-20250407-WA0005.jpg\" alt=\"\"><\/p>\n<h3>IMG-20250407-WA0005<\/h3>\n<\/li>\n<li>\n<p>        <img decoding=\"async\" src=\"\/wp-content\/uploads\/2022\/03\/IMG-20250407-WA0006.jpg\" alt=\"\"><\/p>\n<h3>IMG-20250407-WA0006<\/h3>\n<\/li>\n<li>\n<p>        <img decoding=\"async\" src=\"\/wp-content\/uploads\/2022\/03\/IMG-20250407-WA0007.jpg\" alt=\"\"><\/p>\n<h3>IMG-20250407-WA0007<\/h3>\n<\/li>\n<li>\n<p>        <img decoding=\"async\" src=\"\/wp-content\/uploads\/2022\/03\/IMG-20250407-WA0008.jpg\" alt=\"\"><\/p>\n<h3>IMG-20250407-WA0008<\/h3>\n<\/li>\n<li>\n<p>        <img decoding=\"async\" src=\"\/wp-content\/uploads\/2022\/03\/IMG-20250407-WA0009.jpg\" alt=\"\"><\/p>\n<h3>IMG-20250407-WA0009<\/h3>\n<\/li>\n<li>\n<p>        <img decoding=\"async\" src=\"\/wp-content\/uploads\/2022\/03\/IMG-20250407-WA0010.jpg\" alt=\"\"><\/p>\n<h3>IMG-20250407-WA0010<\/h3>\n<\/li>\n<li>\n<p>        <img decoding=\"async\" src=\"\/wp-content\/uploads\/2022\/03\/IMG-20250407-WA0011.jpg\" alt=\"\"><\/p>\n<h3>IMG-20250407-WA0011<\/h3>\n<\/li>\n<li>\n<p>        <img decoding=\"async\" src=\"\/wp-content\/uploads\/2022\/03\/IMG-20250407-WA0013.jpg\" alt=\"\"><\/p>\n<h3>IMG-20250407-WA0013<\/h3>\n<\/li>\n<li>\n<p>        <img decoding=\"async\" src=\"\/wp-content\/uploads\/2022\/03\/IMG-20250407-WA0014.jpg\" alt=\"\"><\/p>\n<h3>IMG-20250407-WA0014<\/h3>\n<\/li>\n<li>\n<p>        <img decoding=\"async\" src=\"\/wp-content\/uploads\/2022\/03\/IMG-20250407-WA0015.jpg\" alt=\"\"><\/p>\n<h3>IMG-20250407-WA0015<\/h3>\n<\/li>\n<li>\n<p>        <img decoding=\"async\" src=\"\/wp-content\/uploads\/2022\/03\/IMG-20250407-WA0016.jpg\" alt=\"\"><\/p>\n<h3>IMG-20250407-WA0016<\/h3>\n<\/li>\n<\/ul>\n<p><video src=\"\/wp-content\/uploads\/2022\/03\/Fahrschule-Bannat_Bungalow-Querformat_V1.mov\" poster=\"\/wp-content\/uploads\/2022\/03\/2023-12-videoposter.jpg\"><\/video><\/p>\n<h2>Fahren lernen &#8211; egal woher du kommst!<\/h2>\n<div>\n<p>Unser Intensiv-Fahrschulkurs ist <span style=\"font-weight: 900; font-size: 18px;\">vollkommen ortsunabh\u00e4ngig<\/span> buchbar \u2013 ihr k\u00f6nnt europaweit teilnehmen! Auf der Karte seht ihr die Herkunft bisheriger Kunden und es werden stetig mehr. Wir sind grunds\u00e4tzlich in der Lage, euch ein Angebot zu machen, einzige Voraussetzung ist das Beherrschen der deutschen Sprache. F\u00fcr die Dauer der Teilnahme stehen euch in Soest und Umgebung selbstverst\u00e4ndlich wundersch\u00f6ne <a style=\"text-decoration: underline;\" href=\"https:\/\/www.google.com\/search?client=firefox-b-d&amp;q=hotels+soest#cobssid=s\" target=\"_blank\" rel=\"noopener\">Hotels zur \u00dcbernachtung<\/a> zur Verf\u00fcgung oder ihr bucht einfach eine Unterkunft direkt bei uns.<\/p>\n<\/div>\n<div>\n<div class=\"codespacing_progress_map_area cspm_linear_gradient_bg\" data-map-id=\"map1455\" data-show-infobox=\"true\" data-infobox-display-event=\"onload\"  style=\"width:100%; height:650px;\"><input type=\"hidden\" name=\"cspm_map_page_id_map1455\" id=\"cspm_map_page_id_map1455\" value=\"4\" \/><div class=\"cspm-row\" style=\"margin:0; padding:0\"><div class=\"cspm-col-lg-12 cspm-col-xs-12 cspm-col-sm-12 cspm-col-md-12\" style=\"position:relative; margin:0; padding:0;\"><div class=\"cspm_custom_controls\" data-map-id=\"map1455\"><div class=\"cspm_map_red_msg_widget cspm_border_shadow cspm_border_radius\" data-map-id=\"map1455\"><\/div><div class=\"cspm_map_green_msg_widget cspm_border_shadow cspm_border_radius\" data-map-id=\"map1455\"><\/div><div class=\"cspm_map_orange_msg_widget cspm_border_shadow cspm_border_radius\" data-map-id=\"map1455\"><\/div><div class=\"cspm_map_blue_msg_widget cspm_border_shadow cspm_border_radius\" data-map-id=\"map1455\"><\/div><div class=\"cspm_map_help_msg_widget cspm_border_shadow cspm_border_radius\" data-map-id=\"map1455\"><\/div><div id=\"pulsating_holder\" class=\"map1455_pulsating\"><div class=\"dot cspm_border_hex\"><\/div><\/div><div class=\"cspm_zoom_container\"><div class=\"cspm_zoom_in_map1455 cspm_map_btn cspm_zoom_in_control cspm_bg_rgb_hover cspm_border_shadow cspm_border_top_radius\" title=\"Zoom in\"><img decoding=\"async\" class=\"cspm_svg cspm_svg_white\" src=\"https:\/\/intensivfahrschule-bannat.de\/wp-content\/plugins\/codespacing-progress-map\/img\/svg\/addition-sign.svg\" \/><\/div><div class=\"cspm_zoom_out_map1455 cspm_map_btn cspm_zoom_out_control cspm_bg_rgb_hover cspm_border_shadow cspm_border_bottom_radius\" title=\"Zoom out\"><img decoding=\"async\" class=\"cspm_svg cspm_svg_white\" src=\"https:\/\/intensivfahrschule-bannat.de\/wp-content\/plugins\/codespacing-progress-map\/img\/svg\/minus-sign.svg\" \/><\/div><\/div><div class=\"cluster_posts_widget_map1455 cspm_border_shadow cspm_border_radius\"><div class=\"cspm_infobox_spinner cspm_border_top_after_hex\"><\/div><\/div><div class=\"cspm_recenter_map_btn cspm_map_btn cspm_border_shadow cspm_border_radius\" data-map-id=\"map1455\" title=\"Recenter the map\" style=\"top:115px\"><img decoding=\"async\" class=\"cspm_svg cspm_svg_colored\" src=\"https:\/\/intensivfahrschule-bannat.de\/wp-content\/plugins\/codespacing-progress-map\/img\/svg\/recenter.svg\" \/><\/div><div class=\"cspm_map_sidebars\" data-map-id=\"map1455\"><div class=\"cspm_sidebar top\" data-map-id=\"map1455\" data-content_id=\"\"><\/div><div class=\"cspm_sidebar right\" data-map-id=\"map1455\" data-content_id=\"\"><\/div><div class=\"cspm_sidebar bottom\" data-map-id=\"map1455\" data-content_id=\"\"><\/div><div class=\"cspm_sidebar left\" data-map-id=\"map1455\" data-content_id=\"\"><\/div><\/div><\/div><div id=\"cspm_carousel_container\" class=\"cspm_carousel_on_top\" data-map-id=\"map1455\"><ul id=\"cspm_carousel_map1455\" data-map-id=\"map1455\" class=\"jcarousel-skin-default\" style=\"height:58px;\"><\/ul><\/div><div id=\"codespacing_progress_map_div_map1455\" style=\"height:650px\"><\/div><\/div><\/div><\/div>\n<\/div>\n<h2>Wie melde ich mich f\u00fcr den Intensivkurs an?<\/h2>\n<div>\n<p>In diesem Video erkl\u00e4ren wir, wie ihr euch f\u00fcr den Intensivkurs &#8222;F\u00fchrerschein in zwei Wochen&#8220; anmelden k\u00f6nnt und welche Unterlagen ihr ben\u00f6tigt. <\/p>\n<\/div>\n<p><video src=\"\/wp-content\/uploads\/2022\/03\/FB-Intensivkurs_161222.mp4\" poster=\"\/wp-content\/uploads\/2022\/03\/video_poster.png\"><\/video><\/p>\n<div>\n<p>    <img decoding=\"async\" src=\"\/wp-content\/uploads\/2022\/03\/Fahrschule-Bannat-X3-2.jpg\" alt=\"\"><\/p>\n<\/div>\n<h2>H\u00e4ufig gestellte Fragen<\/h2>\n<div>Alle Infos auf einen Blick<\/div>\n<ul>\n<li>\n<h3>Wie melde ich mich an ?       <\/h3>\n<div>\n<p>Einfach die Anmeldefunktion der Internetseite nutzen<\/p>\n<\/div>\n<\/li>\n<li>\n<h3>Kann ich den Kurs neben der Arbeit oder Schule machen ? <\/h3>\n<div>Du brauchst zwei Wochen frei f\u00fcr den Kurs<\/div>\n<\/li>\n<li>\n<h3>Was muss ich vor Kursbeginn machen ? <\/h3>\n<div>Den Antrag am StVA f\u00fcr den F\u00fchrerschein stellen, so das er zum Kursstart bearbeitet ist ( Dauer abh\u00e4ngig vom StVA). Au\u00dferdem musst du in der Fragen Lern App mindestens bei 60% sein. Am sichersten w\u00e4ren 100%<\/div>\n<\/li>\n<li>\n<h3>Was brauche ich f\u00fcr den Antrag ? <\/h3>\n<div>Antragsformular, Unterschriften Aufkleber, Erste Hilfe Kurs ( Bei uns in der Fahrschule m\u00f6glich) und Sehtest ( Beim Optiker )<\/div>\n<\/li>\n<li>\n<h3>Kann ich jeder Zeit einen Kurs starten ? <\/h3>\n<div>Du musst einen freien Platz reservieren f\u00fcr angebotene Intensivkurse. Die Pl\u00e4tze daf\u00fcr sind begrenzt.<\/div>\n<\/li>\n<li>\n<h3>Muss ich aus dem Kreis Soest kommen f\u00fcr einen Intensivkurs ? <\/h3>\n<div>Dein Wohnort ist daf\u00fcr nicht entscheident. Nur f\u00fcr den Kurs musst du zwei Wochen hier vor Ort sein. <\/div>\n<\/li>\n<\/ul>\n<h2>Bucht jetzt das Komplettpaket &#8211; <br \/>\nder F\u00fchrerschein kann im Handumdrehen euch geh\u00f6ren.<\/h2>\n<p><p>\n        <a href=\"#buchen\">Jetzt Kurs buchen<\/a>\n    <\/p>\n<\/p>\n<h2>Termin und Unterkunft online buchen<\/h2>\n<div>\n<p>Freie Termine k\u00f6nnt ihr hier auf den ersten Blick sehen und nat\u00fcrlich auch direkt buchen. Aufgrund hoher Nachfrage werden Termine meist schnell vergeben, bitte plant deshalb im Voraus.<\/p>\n<\/div>\n<hr>\n<div>\n<p><span style=\"font-size: 18px; font-weight: 800; color: #299d86;\">Neu!<\/span> Ab sofort habt ihr auch die M\u00f6glichkeit, direkt im Buchungsprozess einen Unterkunftsplatz zu buchen. Unsere praktische Unterkunft direkt vor Ort bietet euch alles, was ihr f\u00fcr einen erfolgreichen Kurs braucht und ist zum Preis von nur <span style=\"font-size: 18px; font-weight: 800; color: #299d86;\">350\u20ac<\/span> f\u00fcr den gesamten Kurszeitraum verf\u00fcgbar.<\/p>\n<\/div>\n<hr>\n<div>\n<h3><span style=\"font-size:28px;\">Onlinebuchung nur f\u00fcr die Klasse B! <\/span><\/p>\n<p> Um einen Termin f\u00fcr alle weiteren F\u00fchrerscheinklassen zu buchen, meldet euch per E-Mail an <\/p>\n<p><a style=\" font-size:26px; color:#299d86;\" href=\"mailto:hallo@fahrschule-bannat.de\">hallo@fahrschule-bannat.de<\/a><\/h3>\n<\/div>\n<div>\t\t<form action=\"https:\/\/fahrschule-bannat.de\/anmeldung-intensiv\/\" id=\"bookacti-form-1-422767751\" class=\"bookacti-booking-form bookacti-booking-form-1 \" autocomplete=\"off\" >\n\t\t\t\t<input type='hidden' name='form_id' value='1'\/>\n\t\t\t<input type='hidden' name='action' value='bookactiSubmitBookingForm'\/>\n\t\t\t<div class='bookacti-form-field-container bookacti-form-field-name-calendar bookacti-form-field-type-calendar bookacti-form-field-id-1' id='bookacti-form-field-calendar-1-form-1-422767751' data-field-name=\"calendar\" data-field-type=\"calendar\" data-field-id=\"1\">\n\t\t\t<div class='bookacti-form-field-content' >\n\t\t\n\t<div class='bookacti-booking-system-container' id='bookacti-booking-system-form-1-422767751-container'>\n\t\t<script>\n\t\t\t\/\/ Compatibility with Optimization plugins\n\t\t\tif( typeof bookacti === 'undefined' ) { var bookacti = { booking_system:[] }; }\n\t\t\tbookacti.booking_system[ 'bookacti-booking-system-form-1-422767751' ] = {\"events\":[],\"events_data\":[],\"events_interval\":{\"start\":\"2026-04-26 15:20:08\",\"end\":\"2026-04-26 15:20:08\"},\"events_min_interval\":[],\"bookings\":[],\"groups_bookings\":[],\"booking_lists\":[],\"activities_data\":[],\"groups_events\":[],\"groups_data\":[],\"group_categories_data\":[],\"no_events\":0,\"id\":\"bookacti-booking-system-form-1-422767751\",\"class\":\"\",\"hide_availability\":100,\"hide_calendar\":[\"none\"],\"calendars\":[1],\"activities\":[32,165,169,95,48,203,117,121,40,5,191,31,71,26,16,161,67,22,91,199,113,79,187,15,25,61,195,207,63,75,41,183,135,87,147,13,159,24,28,11,109,83,44,155,35,179,143,47,105,21,131,4,38,39,175,30,10,151,127,139,101,37,167,171,8,19,97,205,119,123,6,193,17,163,69,93,201,34,115,189,50,46,197,51,65,20,77,185,89,149,33,14,137,29,111,36,85,45,157,73,27,145,12,107,23,181,133,43,177,81,153,18,129,141,103,173,42,9,99,49,125,7,166,170,96,54,204,118,122,192,72,162,68,92,200,114,80,188,62,196,208,64,76,184,136,88,148,160,110,84,59,156,180,144,53,106,132,176,152,128,140,102,168,172,98,206,120,124,194,164,70,94,202,116,190,56,52,198,57,66,78,186,90,150,138,112,86,60,158,74,146,108,182,134,58,178,82,154,130,142,104,174,100,55,126],\"group_categories\":[\"none\"],\"groups_only\":0,\"groups_single_events\":0,\"groups_first_event_only\":0,\"multiple_bookings\":1,\"bookings_only\":0,\"tooltip_booking_list\":0,\"tooltip_booking_list_columns\":[\"booking_id\",\"status\",\"payment_status\",\"quantity\",\"customer_display_name\"],\"status\":[],\"user_id\":[],\"method\":\"calendar\",\"auto_load\":0,\"display_period\":{\"start\":\"2026-04-26 15:20:08\",\"end\":\"\"},\"availability_period\":{\"start\":\"2026-04-26 15:20:08\",\"end\":\"\"},\"start\":\"2026-04-26 15:20:08\",\"end\":\"\",\"trim\":0,\"out_of_period_events\":0,\"past_events\":0,\"past_events_bookable\":0,\"use_global_days_off\":0,\"days_off\":[],\"check_roles\":1,\"picked_events\":[],\"form_id\":1,\"form_action\":\"default\",\"when_perform_form_action\":\"on_submit\",\"select_first_event\":0,\"redirect_url_by_activity\":[],\"redirect_url_by_group_category\":[],\"display_data\":{\"slotMinTime\":\"08:00\",\"slotMaxTime\":\"16:00\",\"height\":\"\",\"contentHeight\":\"\",\"aspectRatio\":\"\",\"slotDuration\":\"00:30\",\"scrollTime\":\"00:00\",\"moreLinkClick\":\"popover\",\"handleWindowResize\":1,\"initialView\":{\"640\":\"listMonth\"},\"availableViews\":[\"listMonth\",\"listYear\"],\"flexibleViewsDayCount\":1,\"multipleMonthsViewsDuration\":5,\"multiMonthMinWidth\":0,\"navLinks\":0,\"weekNumbers\":1,\"nowIndicator\":0,\"hiddenDays\":[],\"slotEventOverlap\":0,\"dayMaxEvents\":0,\"showNonCurrentDates\":0},\"context\":\"\",\"custom_dataset\":\"\",\"tooltip_event_info\":0,\"datepicker_display\":\"default\",\"hide_timepicker\":\"single_event\"};\n\t\t<\/script>\n\t\t\t\t\n\t\t<div class='bookacti-booking-system-inputs'>\n\t\t\t\t\t<\/div>\n\t\t\n\t\t\t\t\n\t\t<div id='bookacti-booking-system-form-1-422767751' class='bookacti-booking-system '>\n\t\t\t\t\t<div class='bookacti-calendar-title bookacti-booking-system-title '>\n\t\t\tW\u00e4hle aus unserer Kursliste den passenden Intensivkurs aus und sichere dir bei Bedarf gleichzeitig deinen Platz in unserer praktischen Unterkunft vor Ort. F\u00fclle anschlie\u00dfend einfach das Buchungsformular aus und erhalte direkt im Anschluss eine Best\u00e4tigungs-E-Mail von uns mit allen wichtigen Informationen.\t\t<\/div>\n\t\t<div class='bookacti-calendar '><\/div>\n\t\t\t<\/div>\n\t\t\n\t\t\t\t\n\t\t<div class='bookacti-picked-events' style='display:none;'>\n\t\t\t<div class='bookacti-picked-events-list-title'><\/div>\n\t\t\t<ul class='bookacti-picked-events-list bookacti-custom-scrollbar'>\n\t\t\t\t\t\t\t<\/ul>\n\t\t<\/div>\n\t\t\n\t\t<div class='bookacti-notices' style='display:none;'>\n\t\t\t\t\t<\/div>\n\t\t\n\t\t<div class='bookacti-tooltips-container'>\n\t\t\t\t\t<\/div>\n\t\t\n\t\t\t<\/div>\n\t<div id='bookacti-booking-system-form-1-422767751-dialogs' class='bookacti-booking-system-dialogs'>\n\t\t\t<!-- Choose a group of events -->\n\t<div id='bookacti-booking-system-form-1-422767751-choose-group-of-events-dialog' \n\t\t data-booking-system-id='bookacti-booking-system-form-1-422767751' \n\t\t class='bookacti-backend-dialog bookacti-choose-group-of-events-dialog bookacti-booking-system-dialog' \n\t\t title='This event is available in several bundles' \n\t\t style='display:none;' >\n\t\tWhich group of events do you want to pick?\t\t<div id='bookacti-booking-system-form-1-422767751-groups-of-events-list' class='bookacti-groups-of-events-list' ><\/div>\n\t<\/div>\n\n\t\t<\/div>\n\t\t\t<\/div>\n\t<\/div>\n\t<div class='bookacti-form-field-container bookacti-form-field-name-login bookacti-form-field-type-login bookacti-form-field-id-2 bookacti-has-login-button bookacti-user-is-not-logged-in' id='bookacti-form-field-login-2-form-1-422767751' data-field-name=\"login\" data-field-type=\"login\" data-field-id=\"2\">\r\n\t\t\t\t<div class='bookacti-form-field-login-field-container bookacti-login-field-login-type bookacti-custom-radio-button-container bookacti-login-types-hidden' data-field-name='login_type'>\r\n\t\t\t\t\t\t<div class='bookacti-login-type-container bookacti-custom-radio-button bookacti-login-type-no_account' data-separator='or'>\r\n\t\t\t\t\t<input type='radio' name='login_type' value='no_account' id='bookacti-form-1-422767751-login-type-no_account' required  checked='checked'\/>\r\n\t\t\t\t\t<label for='bookacti-form-1-422767751-login-type-no_account' \r\n\t\t\t\t\t\t   \r\n\t\t\t\t\t>\r\n\t\t\t\t\tBook without account\t\t\t\t\t<\/label>\r\n\t\t\t\t<\/div>\r\n\t\t\t\t\t\t\t<\/div>\r\n\t\t\t\t<div class='bookacti-user-data-fields'>\r\n\t\t\t<div class='bookacti-log-in-fields'>\r\n\t\t\t\t\t\t\t\t<div class='bookacti-form-field-login-field-container bookacti-login-field-email' id='bookacti-form-field-login-2-form-1-422767751-email-container' data-field-name='email' data-field-type='email'>\r\n\t\t\t\t\t<div class='bookacti-form-field-label' >\r\n\t\t\t\t\t\t<label for='bookacti-form-field-login-2-form-1-422767751-email' >\r\n\t\t\t\t\t\t\tE-Mail\t\t\t\t\t\t\t<span class='bookacti-required-field-indicator' title='Required field'><\/span>\r\n\t\t\t\t\t\t<\/label>\r\n\t\t\t\t\t\t\t\t\t\t<\/div>\r\n\t\t\t\t\t<div class='bookacti-form-field-content' >\r\n\t\t\t\t\t\t\t<input type='text' \r\n\t\t\t\tname='email' \r\n\t\t\t\tvalue='' \r\n\t\t\t\tautocomplete='off'\r\n\t\t\t\tid='bookacti-form-field-login-2-form-1-422767751-email' \r\n\t\t\t\tclass='bookacti-input bookacti-form-field bookacti-email bookacti-required-field' \r\n\t\t\t\t\t\t\tplaceholder='' \r\n\t\t\t required\t\t\/>\r\n\t\t\t\t\t\t<\/div>\r\n\t\t\t\t\t\t\t\t\t<\/div>\r\n\t\t\t\t<div class='bookacti-form-field-login-field-container bookacti-login-field-password ' id='bookacti-form-field-login-2-form-1-422767751-password-container' data-field-name='password' data-field-type='password'>\r\n\t\t\t\t\t<div class='bookacti-form-field-label' >\r\n\t\t\t\t\t\t<label for='bookacti-form-field-login-2-form-1-422767751-password' >\r\n\t\t\t\t\t\t\tPassword\t\t\t\t\t\t\t<span class='bookacti-required-field-indicator' title='Required field'><\/span>\r\n\t\t\t\t\t\t<\/label>\r\n\t\t\t\t\t\t\t\t\t\t<\/div>\r\n\t\t\t\t\t<div class='bookacti-form-field-content' >\r\n\t\t\t\t\t\t\t<input type='password' \r\n\t\t\t\tname='password' \r\n\t\t\t\tvalue='' \r\n\t\t\t\tautocomplete='off'\r\n\t\t\t\tid='bookacti-form-field-login-2-form-1-422767751-password' \r\n\t\t\t\tclass='bookacti-input bookacti-form-field bookacti-password bookacti-required-field' \r\n\t\t\t\t\t\t\tplaceholder='' \r\n\t\t\t required\t\t\/>\r\n\t\t\t\t\t\t\t\t<div class='bookacti-password-strength' style='display:none;'>\r\n\t\t\t\t\t\t\t\t<span class='bookacti-password-strength-meter'><\/span>\r\n\t\t\t\t\t\t\t\t<input type='hidden' name='password_strength' class='bookacti-password_strength' value='0' min='4' \/>\r\n\t\t\t\t\t\t\t<\/div>\r\n\t\t\t\t\t\t\t\t\t\t\t\t\t\t<div class='bookacti-forgotten-password' >\r\n\t\t\t\t\t\t\t\t<a href='#' class='bookacti-forgotten-password-link' data-field-id='bookacti-form-field-login-2-form-1-422767751'>Forgot your password?<\/a>\r\n\t\t\t\t\t\t\t\t\t\t\t\t\t\t<\/div>\r\n\t\t\t\t\t\t\t\t\t\t\t\t\t\t<div data-field-id='bookacti-form-field-login-2-form-1-422767751' class='bookacti-backend-dialog bookacti-forgotten-password-dialog bookacti-form-dialog' title='Forgotten password' style='display:none;'>\r\n\t\t\t\t\t\t\t\t<div class='bookacti-forgotten-password-dialog-description' >\r\n\t\t\t\t\t\t\t\t\t<p>\r\n\t\t\t\t\t\t\t\t\tPlease enter your email address. You will receive a link to create a new password via email.\t\t\t\t\t\t\t\t\t<\/p>\r\n\t\t\t\t\t\t\t\t<\/div>\r\n\t\t\t\t\t\t\t\t<div class='bookacti-forgotten-password-dialog-fields' >\r\n\t\t\t\t\t\t\t\t\t\t\t<div class='bookacti-field-container ' id='bookacti-forgotten-password-email-bookacti-form-field-login-2-form-1-422767751-container'>\r\n\t\t\t\t<input type='email' \r\n\t\t\t\tname='forgotten_password_email' \r\n\t\t\t\tvalue='' \r\n\t\t\t\tautocomplete='off'\r\n\t\t\t\tid='bookacti-forgotten-password-email-bookacti-form-field-login-2-form-1-422767751' \r\n\t\t\t\tclass='bookacti-input bookacti-forgotten-password-email' \r\n\t\t\t\t\t\t\tplaceholder='Your email address' \r\n\t\t\t\t\t\/>\r\n\t\t\t<\/div>\r\n\t\t\t\t\t\t\t\t\t<\/div>\r\n\t\t\t\t\t\t\t<\/div>\r\n\t\t\t\t\t\t\t\t\t\t\t<\/div>\r\n\t\t\t\t\t\t\t\t\t<\/div>\r\n\t\t\t\t\t\t\t<\/div>\r\n\t\t\t\t\t\t\t\t<div class='bookacti-register-fields' id='bookacti-form-field-login-2-form-1-422767751-register-fields' style='display:none;' >\r\n\t\t\t\t\t\t\t\t\t\t\t\t\t\t<div class='bookacti-form-field-login-field-container bookacti-login-field-first_name' id='bookacti-form-field-login-2-form-1-422767751-first_name-container' data-field-name='first_name' data-field-type='text'>\r\n\t\t\t\t\t\t\t\t\t\t\t\t\t\t\t\t\t\t\t<div class='bookacti-form-field-label' >\r\n\t\t\t\t\t\t\t\t\t\t\t<label for='bookacti-form-field-login-2-form-1-422767751-first_name' >\r\n\t\t\t\t\t\t\t\t\t\t\tVorname\t\t\t\t\t\t\t\t\t\t\t<\/label>\r\n\t\t\t\t\t\t\t\t\t\t\t\t\t\t\t\t\t\t\t\t<\/div>\r\n\t\t\t\t\t\t\t\t\t\t\t\t\t\t\t\t\t\t<div class='bookacti-form-field-content' >\r\n\t\t\t\t\t\t\t\t\t\t\t<input type='text' \r\n\t\t\t\tname='first_name' \r\n\t\t\t\tvalue='' \r\n\t\t\t\tautocomplete='off'\r\n\t\t\t\tid='bookacti-form-field-login-2-form-1-422767751-first_name' \r\n\t\t\t\tclass='bookacti-input bookacti-form-field bookacti-first_name' \r\n\t\t\t\t\t\t\tplaceholder='' \r\n\t\t\t\t\t\/>\r\n\t\t\t\t\t\t\t\t\t\t<\/div>\r\n\t\t\t\t\t\t\t\t\t\t\t\t\t\t\t\t\t<\/div>\r\n\t\t\t\t\t\t\t\t\t\t\t\t\t\t\t<div class='bookacti-form-field-login-field-container bookacti-login-field-last_name' id='bookacti-form-field-login-2-form-1-422767751-last_name-container' data-field-name='last_name' data-field-type='text'>\r\n\t\t\t\t\t\t\t\t\t\t\t\t\t\t\t\t\t\t\t<div class='bookacti-form-field-label' >\r\n\t\t\t\t\t\t\t\t\t\t\t<label for='bookacti-form-field-login-2-form-1-422767751-last_name' >\r\n\t\t\t\t\t\t\t\t\t\t\tNachname\t\t\t\t\t\t\t\t\t\t\t<\/label>\r\n\t\t\t\t\t\t\t\t\t\t\t\t\t\t\t\t\t\t\t\t<\/div>\r\n\t\t\t\t\t\t\t\t\t\t\t\t\t\t\t\t\t\t<div class='bookacti-form-field-content' >\r\n\t\t\t\t\t\t\t\t\t\t\t<input type='text' \r\n\t\t\t\tname='last_name' \r\n\t\t\t\tvalue='' \r\n\t\t\t\tautocomplete='off'\r\n\t\t\t\tid='bookacti-form-field-login-2-form-1-422767751-last_name' \r\n\t\t\t\tclass='bookacti-input bookacti-form-field bookacti-last_name' \r\n\t\t\t\t\t\t\tplaceholder='' \r\n\t\t\t\t\t\/>\r\n\t\t\t\t\t\t\t\t\t\t<\/div>\r\n\t\t\t\t\t\t\t\t\t\t\t\t\t\t\t\t\t<\/div>\r\n\t\t\t\t\t\t\t\t\t\t\t\t\t\t\t<div class='bookacti-form-field-login-field-container bookacti-login-field-phone' id='bookacti-form-field-login-2-form-1-422767751-phone-container' data-field-name='phone' data-field-type='tel'>\r\n\t\t\t\t\t\t\t\t\t\t\t\t\t\t\t\t\t\t\t<div class='bookacti-form-field-label' >\r\n\t\t\t\t\t\t\t\t\t\t\t<label for='bookacti-form-field-login-2-form-1-422767751-phone' >\r\n\t\t\t\t\t\t\t\t\t\t\tTelefonnummer\t\t\t\t\t\t\t\t\t\t\t<\/label>\r\n\t\t\t\t\t\t\t\t\t\t\t\t\t\t\t\t\t\t\t\t<\/div>\r\n\t\t\t\t\t\t\t\t\t\t\t\t\t\t\t\t\t\t<div class='bookacti-form-field-content' >\r\n\t\t\t\t\t\t\t\t\t\t\t<input type='tel' \r\n\t\t\t\tname='phone' \r\n\t\t\t\tvalue='' \r\n\t\t\t\tautocomplete='off'\r\n\t\t\t\tid='bookacti-form-field-login-2-form-1-422767751-phone' \r\n\t\t\t\tclass='bookacti-input bookacti-form-field bookacti-phone' \r\n\t\t\t\t\t\t\tplaceholder='' \r\n\t\t\t\t\t\/>\r\n\t\t\t\t\t\t\t\t\t\t<\/div>\r\n\t\t\t\t\t\t\t\t\t\t\t\t\t\t\t\t\t<\/div>\r\n\t\t\t\t\t\t\t\t\t\t\t\t<\/div>\r\n\t\t\t\t\t\t\t<div class='bookacti-form-field-login-field-container bookacti-login-field-submit-button' id='bookacti-form-field-login-2-form-1-422767751-submit-button' style='display:none;'>\r\n\t\t\t\t<input type='button' value='Log in' class='bookacti-login-button button' data-login-label='Log in' data-register-label='Register'\/>\r\n\t\t\t<\/div>\r\n\t\t\t\t\t<\/div>\r\n\t<\/div>\r\n\t\t<div class='bookacti-form-field-container bookacti-form-field-name-checkboxen bookacti-form-field-type-checkboxes bookacti-form-field-id-11  baaf-custom-field' id='bookacti-form-field-checkboxes-11-form-1-422767751' data-field-name=\"checkboxen\" data-field-type=\"checkboxes\" data-field-id=\"11\">\n\t\t\t<div class='bookacti-form-field-content' >\n\t\t\t\t<input name='checkboxen[]' \r\n\t\t\t\tid='5feff2f6014d909da2450cb8cc9b0dde_none'\r\n\t\t\t\ttype='hidden' \r\n\t\t\t\tvalue='none' \/>\r\n\t\t\t\t\t<div class='bookacti_checkbox '>\r\n\t\t\t\t<input name='checkboxen[]' \r\n\t\t\t\t\t\tid='5feff2f6014d909da2450cb8cc9b0dde__ch_habe_die_atenschutz' \r\n\t\t\t\t\t\tclass='bookacti-input bookacti-form-field   baaf-custom-field bookacti-required-field' \r\n\t\t\t\t\t\ttype='checkbox' \r\n\t\t\t\t\t\tvalue='_ch_habe_die_atenschutz'\r\n\t\t\t\t\t\t\t\t\t\t\t\t\t\t\t\t\/>\r\n\t\t\t\t\t\t\t<label for='5feff2f6014d909da2450cb8cc9b0dde__ch_habe_die_atenschutz' >\r\n\t\t\t\t\tIch habe die <a href=\"http:\/\/intensivfahrschule-bannat.de\/?page_id=1228\">Datenschutzerkl\u00e4rung<\/a> und <a href=\"http:\/\/intensivfahrschule-bannat.de\/?page_id=1365\">AGB<\/a> zur Kenntnis genommen.\t\t\t\t<\/label>\r\n\t\t\t\t\t\t<\/div>\r\n\t\t\t\t\t<div class='bookacti_checkbox '>\r\n\t\t\t\t<input name='checkboxen[]' \r\n\t\t\t\t\t\tid='5feff2f6014d909da2450cb8cc9b0dde__ch_stimme_zu_dass_mein' \r\n\t\t\t\t\t\tclass='bookacti-input bookacti-form-field   baaf-custom-field bookacti-required-field' \r\n\t\t\t\t\t\ttype='checkbox' \r\n\t\t\t\t\t\tvalue='_ch_stimme_zu_dass_mein'\r\n\t\t\t\t\t\t\t\t\t\t\t\t\t\t\t\t\/>\r\n\t\t\t\t\t\t\t<label for='5feff2f6014d909da2450cb8cc9b0dde__ch_stimme_zu_dass_mein' >\r\n\t\t\t\t\tIch stimme zu, dass meine Angaben und Daten zur Beantwortung meiner Anfrage elektronisch erhoben und gespeichert werden.\t\t\t\t<\/label>\r\n\t\t\t\t\t\t<\/div>\r\n\t\t\t\t\t<div class='bookacti_checkbox bookacti_checkbox_last'>\r\n\t\t\t\t<input name='checkboxen[]' \r\n\t\t\t\t\t\tid='5feff2f6014d909da2450cb8cc9b0dde__ir_ist_bewusst_dass_di' \r\n\t\t\t\t\t\tclass='bookacti-input bookacti-form-field   baaf-custom-field bookacti-required-field' \r\n\t\t\t\t\t\ttype='checkbox' \r\n\t\t\t\t\t\tvalue='_ir_ist_bewusst_dass_di'\r\n\t\t\t\t\t\t\t\t\t\t\t\t\t\t\t\t\/>\r\n\t\t\t\t\t\t\t<label for='5feff2f6014d909da2450cb8cc9b0dde__ir_ist_bewusst_dass_di' >\r\n\t\t\t\t\tIch akzeptiere, dass mit meiner Anmeldung eine Geb\u00fchr von <span style=\"color:#000\">299,- \u20ac*<\/span> f\u00e4llig wird und verstehe, dass diese bindend und kostenpflichtig ist.\t\t\t\t<\/label>\r\n\t\t\t\t\t\t<\/div>\r\n\t\t\t\t<\/div>\n\t<\/div>\n\t<div class='bookacti-form-field-container bookacti-form-field-name-submit bookacti-form-field-type-submit bookacti-form-field-id-4' id='bookacti-form-field-submit-4-form-1-422767751' data-field-name=\"submit\" data-field-type=\"submit\" data-field-id=\"4\">\r\n\t\t<input type='submit' class='bookacti-submit-form button' value='Jetzt kostenpflichtig buchen'\/>\r\n\t\t<input type='button' class='bookacti-new-booking-button button' value='Make a new booking' style='display:none;'\/>\r\n\t<\/div>\r\n\t\t<div class='bookacti-form-field-container bookacti-form-field-name-quantity bookacti-form-field-type-quantity  bookacti-hidden-field' id='bookacti-compulsory-quantity-field' data-field-name=\"quantity\" data-field-type=\"quantity\">\n\t\t\t<div class='bookacti-form-field-label' >\n\t\t\t<label>\n\t\t\tQuantity<span class=\"bookacti-required-field-indicator\" title=\"Required field\"><\/span>\t\t\t<\/label>\n\t\t\t\t<\/div>\n\t\t\t<div class='bookacti-form-field-content' >\n\t\t\t\t<input type='number' \r\n\t\t\t\tname='quantity' \r\n\t\t\t\tvalue='1' \r\n\t\t\t\tautocomplete='off'\r\n\t\t\t\tid='b0387adbc9b3d99916f1edbc0c12d0fb' \r\n\t\t\t\tclass='bookacti-input bookacti-form-field bookacti-quantity' \r\n\t\t\t\t\t\t\tplaceholder='' \r\n\t\t\t\t\t\t\tmin='1' \r\n\t\t\t\tmax=''\r\n\t\t\t\tstep=''\r\n\t\t\t\t\t\/>\r\n\t\t\t<\/div>\n\t<\/div>\n\t\t\t<div class='bookacti-notices' style='display:none;'><\/div>\n\t\t\t<\/form>\n\t<\/div>\n<div>\n<p>*<strong>Bitte beachte:<\/strong> Die erhobene Geb\u00fchr von 299,- \u20ac wird mit dem Kursbetrag verrechnet. Solltest du nicht zum Kurs antreten k\u00f6nnen, besteht einmalig die M\u00f6glichkeit zur Verschiebung des Kurses. Andernfalls wird die Geb\u00fchr als Aufwand f\u00fcr Verwaltung und Bereitstellung der Ressourcen angesehen.&#8220;<\/p>\n<\/div>\n<p><!--more--><br \/>\n<!-- {\"name\":\"Home\",\"type\":\"layout\",\"children\":[{\"type\":\"section\",\"props\":{\"class\":\"uk-visible@m\",\"image_position\":\"center-center\",\"padding\":\"xsmall\",\"style\":\"secondary\",\"title_breakpoint\":\"xl\",\"title_position\":\"top-left\",\"title_rotation\":\"left\",\"vertical_align\":\"\",\"width\":\"default\"},\"children\":[{\"type\":\"row\",\"props\":{\"layout\":\"2-5,1-5,1-5,1-5|1-1,1-3,1-3,1-3\"},\"children\":[{\"type\":\"column\",\"props\":{\"image_position\":\"center-center\",\"position_sticky_breakpoint\":\"m\",\"width_medium\":\"2-5\",\"width_small\":\"1-1\"},\"children\":[{\"type\":\"image\",\"props\":{\"image\":\"wp-content\\\/uploads\\\/2021\\\/05\\\/intensivfahrschule_logo.svg\",\"image_svg_color\":\"emphasis\",\"image_width\":\"270\",\"margin\":\"default\"}}]},{\"type\":\"column\",\"props\":{\"image_position\":\"center-center\",\"position_sticky_breakpoint\":\"m\",\"vertical_align\":\"middle\",\"width_medium\":\"1-5\",\"width_small\":\"1-3\"},\"children\":[{\"type\":\"list\",\"props\":{\"block_align\":\"right\",\"column_breakpoint\":\"m\",\"icon_width\":\"20\",\"image_align\":\"left\",\"image_height\":\"80px\",\"image_svg_color\":\"emphasis\",\"image_vertical_align\":false,\"image_width\":\"80px\",\"list_element\":\"ul\",\"list_horizontal_separator\":\", \",\"list_type\":\"vertical\",\"maxwidth\":\"medium\",\"show_image\":true,\"show_link\":true},\"children\":[{\"type\":\"list_item\",\"props\":{\"content\":\"\n\n<h5 style=\\\"margin: 0px;\\\">Ruf uns an<\\\/h5>\\n<a style=\\\"font-weight: bold; font-size: 18px; margin: 0px;\\\" href=\\\"tel:+491749873738\\\">0174 9873738<\\\/a>\",\"icon\":\"receiver\"}}]}]},{\"type\":\"column\",\"props\":{\"image_position\":\"center-center\",\"position_sticky_breakpoint\":\"m\",\"vertical_align\":\"middle\",\"width_medium\":\"1-5\",\"width_small\":\"1-3\"},\"children\":[{\"type\":\"list\",\"props\":{\"block_align\":\"right\",\"column_breakpoint\":\"m\",\"icon_width\":\"20\",\"image_align\":\"left\",\"image_height\":\"80px\",\"image_svg_color\":\"emphasis\",\"image_vertical_align\":false,\"image_width\":\"80px\",\"list_element\":\"ul\",\"list_horizontal_separator\":\", \",\"list_type\":\"vertical\",\"maxwidth\":\"medium\",\"show_image\":true,\"show_link\":true},\"children\":[{\"type\":\"list_item\",\"props\":{\"content\":\"\n\n<h5 style=\\\"margin: 0px;\\\">Erreichbar von<\\\/h5>\\n\n\n<p style=\\\"color: white; font-weight: bold; font-size: 15px; margin: 0px;\\\">Mo-Fr: 09:00 - 18:00 Uhr<\\\/p>\",\"icon\":\"clock\"}}]}]},{\"type\":\"column\",\"props\":{\"image_position\":\"center-center\",\"position_sticky_breakpoint\":\"m\",\"vertical_align\":\"middle\",\"width_medium\":\"1-5\",\"width_small\":\"1-3\"},\"children\":[{\"type\":\"button\",\"props\":{\"block_align\":\"right\",\"css\":\".el-element a{\\n    font-size:11px;\\n}\",\"grid_column_gap\":\"medium\",\"grid_row_gap\":\"\",\"margin\":\"medium\",\"maxwidth\":\"medium\",\"text_align\":\"right\",\"text_align_breakpoint\":\"m\",\"text_align_fallback\":\"center\"},\"children\":[{\"type\":\"button_item\",\"props\":{\"button_style\":\"primary\",\"content\":\"Kurs buchen\",\"dialog_layout\":\"modal\",\"dialog_offcanvas_flip\":true,\"icon_align\":\"left\",\"link\":\"#buchen\",\"link_title\":\"Explore\"}}]}]}]}],\"name\":\"Top_Desktop\"},{\"type\":\"section\",\"props\":{\"class\":\"uk-hidden@m\",\"image_position\":\"center-center\",\"padding\":\"xsmall\",\"style\":\"secondary\",\"title_breakpoint\":\"xl\",\"title_position\":\"top-left\",\"title_rotation\":\"left\",\"vertical_align\":\"\",\"width\":\"default\"},\"children\":[{\"type\":\"row\",\"children\":[{\"type\":\"column\",\"props\":{\"image_position\":\"center-center\",\"position_sticky_breakpoint\":\"m\"},\"children\":[{\"type\":\"image\",\"props\":{\"image\":\"wp-content\\\/uploads\\\/2021\\\/05\\\/intensivfahrschule_logo.svg\",\"image_svg_color\":\"emphasis\",\"image_width\":\"270\",\"margin\":\"default\"}}]}]}],\"name\":\"Top_Mobil\"},{\"type\":\"section\",\"props\":{\"class\":\"uk-visible@m uk-sticky\",\"image_position\":\"center-center\",\"padding\":\"xsmall\",\"style\":\"default\",\"title_breakpoint\":\"xl\",\"title_position\":\"top-left\",\"title_rotation\":\"left\",\"vertical_align\":\"\",\"width\":\"default\"},\"children\":[{\"type\":\"row\",\"children\":[{\"type\":\"column\",\"props\":{\"image_position\":\"center-center\",\"position_sticky_breakpoint\":\"m\"},\"children\":[{\"type\":\"subnav\",\"props\":{\"css\":\".el-element a{\\n    font-family: micro;\\n    color:black;\\n}\\n\\n.el-element a:hover{\\n    color:#299d86;\\n}\",\"subnav_style\":\"divider\",\"text_align\":\"center\"},\"children\":[{\"type\":\"subnav_item\",\"props\":{\"content\":\"Intensiv Fahrschule\",\"link\":\"#intensiv\"}},{\"type\":\"subnav_item\",\"props\":{\"content\":\"Kosten\",\"link\":\"#kosten\"}},{\"type\":\"subnav_item\",\"props\":{\"content\":\"FAQ\",\"link\":\"#faq\"}},{\"type\":\"subnav_item\",\"props\":{\"content\":\"\\u00dcbernachtung\",\"link\":\"#uebernachtung\"}},{\"type\":\"subnav_item\",\"props\":{\"content\":\"Jetzt Kurs buchen\",\"link\":\"#buchen\"}}]}]}]}],\"name\":\"Menu_Desktop\"},{\"type\":\"section\",\"props\":{\"class\":\"uk-visible@m uk-sticky\",\"css\":\".el-section{\\n    background:#299d86;\\n    border-bottom:5px solid #fff;\\n}\",\"image\":\"#\",\"image_position\":\"center-center\",\"padding\":\"xsmall\",\"style\":\"default\",\"text_color\":\"light\",\"title_breakpoint\":\"xl\",\"title_position\":\"top-left\",\"title_rotation\":\"left\",\"vertical_align\":\"\",\"width\":\"default\"},\"children\":[{\"type\":\"row\",\"children\":[{\"type\":\"column\",\"props\":{\"image_position\":\"center-center\",\"position_sticky_breakpoint\":\"m\",\"vertical_align\":\"middle\",\"width_medium\":\"4-5\"},\"children\":[{\"type\":\"headline\",\"props\":{\"content\":\"Neu! Jetzt Unterkunft f\\u00fcr deinen Intensivkurs buchen - <span style=\\\"text-decoration:underline;\\\">nur 350 EUR f\\u00fcr 14 Tage! <\\\/span>\",\"css\":\".el-element{\\n    font-family:roboto;\\n    font-weight:800;\\n}\",\"text_align\":\"center\",\"title_element\":\"h1\",\"title_style\":\"h3\"}}]},{\"type\":\"column\",\"props\":{\"image_position\":\"center-center\",\"position_sticky_breakpoint\":\"m\",\"width_medium\":\"1-5\"},\"children\":[{\"type\":\"button\",\"props\":{\"grid_column_gap\":\"small\",\"grid_row_gap\":\"small\",\"margin\":\"default\"},\"children\":[{\"type\":\"button_item\",\"props\":{\"button_style\":\"primary\",\"content\":\"Jetzt informieren\",\"dialog_layout\":\"modal\",\"dialog_offcanvas_flip\":true,\"icon_align\":\"left\",\"link\":\"#uebernachtung\"}}]}]}],\"props\":{\"column_gap\":\"collapse\",\"layout\":\"4-5,1-5\",\"row_gap\":\"collapse\"}}],\"name\":\"CTA\"},{\"type\":\"section\",\"props\":{\"class\":\"uk-hidden@m uk-sticky\",\"css\":\".el-section{\\n    background:#299d86;\\n    border-bottom:5px solid #fff;\\n}\",\"image\":\"#\",\"image_position\":\"center-center\",\"padding\":\"xsmall\",\"style\":\"default\",\"text_color\":\"light\",\"title_breakpoint\":\"xl\",\"title_position\":\"top-left\",\"title_rotation\":\"left\",\"vertical_align\":\"\",\"width\":\"default\"},\"children\":[{\"type\":\"row\",\"children\":[{\"type\":\"column\",\"props\":{\"image_position\":\"center-center\",\"position_sticky_breakpoint\":\"m\",\"vertical_align\":\"middle\"},\"children\":[{\"type\":\"headline\",\"props\":{\"content\":\"Neu! Jetzt Unterkunft f\\u00fcr deinen Intensivkurs buchen - <br \/><span style=\\\"text-decoration:underline;\\\">nur 350 EUR f\\u00fcr 14 Tage! <\\\/span>\",\"css\":\".el-element{\\n    font-family:roboto;\\n    font-weight:800;\\n}\",\"text_align\":\"center\",\"title_element\":\"h1\",\"title_style\":\"h4\"}},{\"type\":\"button\",\"props\":{\"grid_column_gap\":\"small\",\"grid_row_gap\":\"small\",\"margin\":\"remove-vertical\",\"text_align\":\"center\"},\"children\":[{\"type\":\"button_item\",\"props\":{\"button_style\":\"\",\"content\":\"Jetzt informieren\",\"dialog_layout\":\"modal\",\"dialog_offcanvas_flip\":true,\"icon_align\":\"left\",\"link\":\"#uebernachtung\"}}]}]}],\"props\":{\"column_gap\":\"collapse\",\"row_gap\":\"collapse\"}}],\"name\":\"CTA mobil\"},{\"type\":\"section\",\"props\":{\"class\":\"uk-visible@s\",\"height\":\"pixels\",\"height_viewport\":750,\"image\":\"wp-content\\\/uploads\\\/2022\\\/03\\\/Fahrschule-Bannat-X3_breit-1.jpg\",\"image_position\":\"center-center\",\"image_size\":\"cover\",\"media_overlay\":\"rgba(0, 0, 0, 0)\",\"style\":\"primary\",\"title_breakpoint\":\"xl\",\"title_position\":\"top-left\",\"title_rotation\":\"left\",\"vertical_align\":\"middle\",\"width\":\"default\"},\"children\":[{\"type\":\"row\",\"props\":{\"layout\":\"2-3,1-3\"},\"children\":[{\"type\":\"column\",\"props\":{\"image_position\":\"center-center\",\"position_sticky_breakpoint\":\"m\",\"width_medium\":\"2-3\"},\"children\":[{\"type\":\"headline\",\"props\":{\"content\":\"Wenn es schnell gehen soll\",\"title_element\":\"h1\",\"title_style\":\"heading-medium\"}},{\"type\":\"headline\",\"props\":{\"content\":\"Unser F\\u00fchrerschein-Intensivkurs \",\"margin_remove_top\":true,\"title_element\":\"h2\",\"title_style\":\"h1\"}},{\"type\":\"text\",\"props\":{\"column_breakpoint\":\"m\",\"content\":\"Nicht jeder hat die Zeit, sich mehrere Monate mit der Fahrausbildung zu besch\\u00e4ftigen.\\nBei uns habt ihr daher die M\\u00f6glichkeit, auf Wunsch euren F\\u00fchrerschein in nur zwei Wochen zu erwerben. Der entsprechende Intensivkurs kann beispielsweise w\\u00e4hrend eures Urlaubs oder der Ferien absolviert werden und beinhaltet von Theoriestunden bis zur Praxis alles, was ihr zur kompetenten Teilnahme am Stra\\u00dfenverkehr ben\\u00f6tigt.\\n\",\"css\":\".el-element{\\n    color:white;\\n}\",\"margin\":\"default\",\"maxwidth\":\"xlarge\"}},{\"type\":\"button\",\"props\":{\"grid_column_gap\":\"small\",\"grid_row_gap\":\"small\",\"margin\":\"default\"},\"children\":[{\"type\":\"button_item\",\"props\":{\"button_style\":\"primary\",\"content\":\"Jetzt Informieren und anmelden\",\"dialog_layout\":\"modal\",\"dialog_offcanvas_flip\":true,\"icon_align\":\"left\",\"link\":\"#intensiv\"}}]}]},{\"type\":\"column\",\"props\":{\"image_position\":\"center-center\",\"position_sticky_breakpoint\":\"m\",\"width_medium\":\"1-3\"}}]}],\"name\":\"Hero_Desktop\"},{\"type\":\"section\",\"props\":{\"class\":\"uk-hidden@s\",\"image\":\"wp-content\\\/uploads\\\/2021\\\/06\\\/start_bmw.jpg\",\"image_position\":\"center-center\",\"image_size\":\"cover\",\"media_overlay\":\"rgba(0, 0, 0, 0.3)\",\"style\":\"primary\",\"title_breakpoint\":\"xl\",\"title_position\":\"top-left\",\"title_rotation\":\"left\",\"vertical_align\":\"\",\"width\":\"default\"},\"children\":[{\"type\":\"row\",\"props\":{\"layout\":\"2-3,1-3\"},\"children\":[{\"type\":\"column\",\"props\":{\"image_position\":\"center-center\",\"position_sticky_breakpoint\":\"m\",\"width_medium\":\"2-3\"},\"children\":[{\"type\":\"headline\",\"props\":{\"content\":\"Wenn es schnell gehen soll\",\"title_element\":\"h1\",\"title_style\":\"heading-medium\"}},{\"type\":\"headline\",\"props\":{\"content\":\"Unser F\\u00fchrerschein-Intensivkurs \",\"margin_remove_top\":true,\"title_element\":\"h1\",\"title_style\":\"h1\"}},{\"type\":\"text\",\"props\":{\"column_breakpoint\":\"m\",\"content\":\"\n\n<p>Nicht jeder hat die Zeit, sich mehrere Monate mit der Fahrausbildung zu besch\\u00e4ftigen. Bei uns habt ihr daher die M\\u00f6glichkeit, auf Wunsch euren F\\u00fchrerschein in nur zwei Wochen zu erwerben. <\\\/p>\",\"css\":\".el-element{\\n    color:white;\\n}\",\"margin\":\"default\",\"maxwidth\":\"xlarge\"}},{\"type\":\"button\",\"props\":{\"grid_column_gap\":\"small\",\"grid_row_gap\":\"small\",\"margin\":\"default\"},\"children\":[{\"type\":\"button_item\",\"props\":{\"button_style\":\"primary\",\"content\":\"Jetzt Informieren und anmelden\",\"dialog_layout\":\"modal\",\"dialog_offcanvas_flip\":true,\"icon_align\":\"left\",\"link\":\"#intensiv\"}}]}]},{\"type\":\"column\",\"props\":{\"image_position\":\"center-center\",\"position_sticky_breakpoint\":\"m\",\"width_medium\":\"1-3\"}}]}],\"name\":\"Hero_Mobil\"},{\"name\":\"Intensiv\",\"type\":\"section\",\"props\":{\"animation\":\"slide-top-small\",\"animation_delay\":\"200\",\"css\":\".el-section{\\n   border-top:5px solid #299d86;\\n}\",\"id\":\"intensiv\",\"image_effect\":\"parallax\",\"image_parallax_bgx\":\"0,110\",\"image_parallax_bgy\":\"-130,0\",\"image_parallax_easing\":\"1\",\"image_position\":\"top-left\",\"image_size\":\"contain\",\"image_width\":\"200\",\"media_overlay\":\"rgba(255, 255, 255, 0.93)\",\"style\":\"default\",\"title_breakpoint\":\"xl\",\"title_position\":\"top-left\",\"title_rotation\":\"left\",\"vertical_align\":\"\",\"width\":\"default\"},\"children\":[{\"type\":\"row\",\"children\":[{\"type\":\"column\",\"props\":{\"image_position\":\"center-center\",\"position_sticky_breakpoint\":\"m\",\"width_medium\":\"1-1\"},\"children\":[{\"type\":\"headline\",\"props\":{\"content\":\"Intensiv Fahrschule Bannat\",\"margin_remove_bottom\":true,\"margin_remove_top\":false,\"text_align\":\"center\",\"title_element\":\"h2\",\"title_style\":\"h1\"}},{\"type\":\"headline\",\"props\":{\"content\":\"Fahren lernen im Handumdrehen!\",\"margin_remove_top\":true,\"text_align\":\"center\",\"title_element\":\"h2\",\"title_style\":\"h3\"}},{\"type\":\"text\",\"props\":{\"block_align\":\"center\",\"column_breakpoint\":\"m\",\"content\":\"Wir bieten euch ein umfangreiches Komplettpaket an, das es euch erm\\u00f6glicht, die Ausbildungszeit drastisch zu verk\\u00fcrzen und so in k\\u00fcrzester Zeit euren F\\u00fchrerschein und alle n\\u00f6tigen Kenntnisse zu erwerben. \",\"margin\":\"medium\",\"margin_remove_bottom\":true,\"maxwidth\":\"xlarge\",\"text_align\":\"center\"}},{\"type\":\"grid\",\"props\":{\"block_align\":\"center\",\"content_column_breakpoint\":\"m\",\"css\":\".el-title{\\n    font-weight:700;\\n}\",\"filter_align\":\"left\",\"filter_all\":true,\"filter_grid_breakpoint\":\"m\",\"filter_grid_width\":\"auto\",\"filter_position\":\"top\",\"filter_style\":\"tab\",\"grid_default\":\"1\",\"grid_medium\":\"3\",\"grid_row_gap\":\"large\",\"icon_width\":80,\"image_align\":\"top\",\"image_grid_breakpoint\":\"m\",\"image_grid_width\":\"1-2\",\"image_height\":\"80\",\"image_svg_color\":\"emphasis\",\"item_animation\":true,\"item_maxwidth\":\"large\",\"lightbox_bg_close\":true,\"link_style\":\"default\",\"link_text\":\"Read more\",\"margin\":\"large\",\"meta_align\":\"below-title\",\"meta_element\":\"div\",\"meta_style\":\"text-meta\",\"parallax_easing\":\"1\",\"show_content\":true,\"show_hover_image\":true,\"show_hover_video\":true,\"show_image\":true,\"show_link\":true,\"show_meta\":true,\"show_title\":true,\"show_video\":true,\"text_align\":\"center\",\"title_align\":\"top\",\"title_element\":\"h3\",\"title_grid_breakpoint\":\"m\",\"title_grid_width\":\"1-2\",\"title_hover_style\":\"reset\"},\"children\":[{\"type\":\"grid_item\",\"props\":{\"content\":\"Hier ist alles drin! In 14 Tagen bekommt ihr das n\\u00f6tige Wissen vermittelt, um am Stra\\u00dfenverkehr teilzunehmen. Kompetente Schulung durch unsere Fahrlehrer und Begleitung w\\u00e4hrend der gesamten Ausbildungszeit sind selbstverst\\u00e4ndlich. \",\"icon\":\"\",\"image\":\"wp-content\\\/uploads\\\/2021\\\/05\\\/fuehrerschein-1.png\",\"title\":\"F\\u00fchrerschein in 2 Wochen\"}},{\"type\":\"grid_item\",\"props\":{\"content\":\"Die Theoriephase umfasst eine Woche, also die H\\u00e4lfte der zweiw\\u00f6chigen Ausbildung. Vom Erlernen der Verkehrsregeln, Schilder und den techischen Elementen des Fahrzeugs bis hin zur abschlie\\u00dfenden Pr\\u00fcfung ist hier alles inklusive. \",\"icon\":\"\",\"image\":\"wp-content\\\/uploads\\\/2021\\\/05\\\/theorie.png\",\"title\":\"Theorie in 7 Tagen\"}},{\"type\":\"grid_item\",\"props\":{\"content\":\"Spart euch die t\\u00e4gliche Anfahrt zu unserem Intensivkurs und konzentriert euch voll auf eure Ausbildung! Wir bieten ab sofort eigene Unterk\\u00fcnfte vor Ort an. Sichert euch jetzt euren Platz und profitiert von unserem Komfort-Angebot.\\n\",\"icon\":\"\",\"image\":\"wp-content\\\/uploads\\\/2021\\\/06\\\/hotel-2.png\",\"title\":\"<span style=\\\"font-size:19px;\\\">Zusatzangebot: \\u00dcbernachtung<\\\/span>\"}}]}]}]}]},{\"type\":\"section\",\"props\":{\"css\":\".el-section{\\n    background-color:#299d86;\\n}\",\"image_position\":\"center-center\",\"style\":\"secondary\",\"title_breakpoint\":\"xl\",\"title_position\":\"top-left\",\"title_rotation\":\"left\",\"vertical_align\":\"\",\"width\":\"default\"},\"children\":[{\"type\":\"row\",\"props\":{\"column_gap\":\"small\",\"layout\":\"2-3,1-3\"},\"children\":[{\"type\":\"column\",\"props\":{\"image_position\":\"center-center\",\"position_sticky_breakpoint\":\"m\",\"width_medium\":\"2-3\"},\"children\":[{\"type\":\"headline\",\"props\":{\"content\":\"Ihr seid neugierig geworden?<br \/> \\nWir freuen uns auf eure Anmeldung! \\n\",\"title_element\":\"h2\",\"title_style\":\"h1\"}}]},{\"type\":\"column\",\"props\":{\"image_position\":\"center-center\",\"position_sticky_breakpoint\":\"m\",\"vertical_align\":\"middle\",\"width_medium\":\"1-3\"},\"children\":[{\"type\":\"button\",\"props\":{\"button_size\":\"large\",\"css\":\".el-content{\\n    font-size:16px;\\n}\",\"grid_column_gap\":\"small\",\"grid_row_gap\":\"small\",\"margin\":\"default\"},\"children\":[{\"type\":\"button_item\",\"props\":{\"button_style\":\"primary\",\"content\":\"Jetzt Kurs buchen\",\"dialog_layout\":\"modal\",\"dialog_offcanvas_flip\":true,\"icon_align\":\"left\",\"link\":\"#buchen\"}}]}]}]}]},{\"type\":\"section\",\"props\":{\"css\":\".el-section{\\n   border-top:5px solid #299d86;\\n}\",\"id\":\"kosten\",\"image_position\":\"center-center\",\"style\":\"muted\",\"title_breakpoint\":\"xl\",\"title_position\":\"top-left\",\"title_rotation\":\"left\",\"vertical_align\":\"\",\"width\":\"default\"},\"children\":[{\"type\":\"row\",\"children\":[{\"type\":\"column\",\"props\":{\"image_position\":\"center-center\",\"position_sticky_breakpoint\":\"m\"},\"children\":[{\"type\":\"headline\",\"props\":{\"content\":\"Und was kostet mich das Ganze?\",\"margin_remove_bottom\":true,\"margin_remove_top\":false,\"text_align\":\"center\",\"title_element\":\"h2\",\"title_style\":\"h1\"}},{\"type\":\"text\",\"props\":{\"block_align\":\"center\",\"column_breakpoint\":\"m\",\"content\":\"\n\n<p>Die Frage nach den genauen Kosten ist schwer zu beantworten, da sie von verschiedenen Faktoren abh\\u00e4ngt \\u2013 unter anderem vom individuellen Lerntempo des Fahrsch\\u00fclers. Wir haben hier eine typische Ausbildung f\\u00fcr die Klassen B, A, A1, A2, C, C1 und CE durchgerechnet. Abweichungen sind jedoch je nach pers\\u00f6nlichen F\\u00e4higkeiten und Vorerfahrungen m\\u00f6glich.<\\\/p>\",\"margin\":\"default\",\"maxwidth\":\"2xlarge\",\"text_align\":\"center\"}}]}]},{\"type\":\"row\",\"children\":[{\"type\":\"column\",\"props\":{\"image_position\":\"center-center\",\"position_sticky_breakpoint\":\"m\"},\"children\":[{\"type\":\"headline\",\"props\":{\"content\":\"Klasse B\",\"margin_remove_bottom\":true,\"margin_remove_top\":false,\"title_element\":\"h2\",\"title_style\":\"h1\"}}]}]},{\"type\":\"row\",\"props\":{\"column_gap\":\"collapse\",\"layout\":\"1-3,1-3,1-3\"},\"children\":[{\"type\":\"column\",\"props\":{\"image_position\":\"center-center\",\"position_sticky_breakpoint\":\"m\",\"width_medium\":\"1-3\"},\"children\":[{\"type\":\"panel\",\"props\":{\"content\":\"\n\n<ul>\\n\n\n<li>20 \\u00dcbungsstunden \\u00e0 45 Min. (80,- EUR je Stunde)<\\\/li>\\n\n\n<li>5 \\u00dcberlandfahrten \\u00e0 45 Min. (80,- EUR je Stunde)<\\\/li>\\n\n\n<li>4 Autobahnfahrten \\u00e0 45 Min. (80,- EUR je Stunde)<\\\/li>\\n\n\n<li>3 Nachtfahrten \\u00e0 45 Min. (80,- EUR je Stunde)<\\\/li>\\n\n\n<li>Praktische Pr\\u00fcfungsvorstellung (200,- EUR)<\\\/li>\\n<\\\/ul>\\n\n\n<h4 style=\\\"text-align: left; margin-top: 55px;\\\"><strong>2.760,- EUR*<\\\/strong><\\\/h4>\",\"content_column_breakpoint\":\"m\",\"icon_width\":80,\"image_align\":\"top\",\"image_grid_breakpoint\":\"m\",\"image_grid_width\":\"1-2\",\"image_svg_color\":\"emphasis\",\"link_style\":\"default\",\"link_text\":\"Read more\",\"margin\":\"default\",\"meta\":\"\",\"meta_align\":\"below-title\",\"meta_element\":\"div\",\"meta_style\":\"text-meta\",\"panel_padding\":\"default\",\"panel_style\":\"card-default\",\"title\":\"Praktisches Fahren in 2 Wochen\",\"title_align\":\"top\",\"title_element\":\"h3\",\"title_grid_breakpoint\":\"m\",\"title_grid_width\":\"1-2\",\"title_hover_style\":\"reset\"}}]},{\"type\":\"column\",\"props\":{\"css\":\".el-column{\\n    width:3%;\\n}\",\"image_position\":\"center-center\",\"position_sticky_breakpoint\":\"m\",\"vertical_align\":\"middle\",\"width_medium\":\"1-5\"},\"children\":[{\"type\":\"headline\",\"props\":{\"content\":\"+\",\"text_align\":\"center\",\"title_element\":\"h1\"}}]},{\"type\":\"column\",\"props\":{\"image_position\":\"center-center\",\"position_sticky_breakpoint\":\"m\",\"width_medium\":\"1-3\"},\"children\":[{\"type\":\"panel\",\"props\":{\"content\":\"\n\n<ul>\\n\n\n<li>Grundbetrag (529,- EUR)<\\\/li>\\n\n\n<li>Lehrmaterial (99,- EUR)<br \\\/>\\n\n\n<ul>\\n\n\n<li>\\n\n\n<p class=\\\"li_zwei\\\">Fragen lern App<\\\/p>\\n<\\\/li>\\n\n\n<li>\\n\n\n<p class=\\\"li_zwei\\\">Drivers Cam<\\\/p>\\n<\\\/li>\\n\n\n<li>\\n\n\n<p class=\\\"li_zwei\\\">Buch (digital)<\\\/p>\\n<\\\/li>\\n<\\\/ul>\\n<\\\/li>\\n\n\n<li>Simulator (180,- EUR)\\n\n\n<ul>\\n\n\n<li>6 Fahrstunden \\u00e0 45 Min. (30,- EUR je Stunde)<\\\/li>\\n<\\\/ul>\\n<\\\/li>\\n\n\n<li>Vorstellung zur Theorie-Pr\\u00fcfung (52,- EUR)<\\\/li>\\n<\\\/ul>\\n\n\n<h4 style=\\\"margin-top: 0px;\\\"><strong><br \\\/>860,- EUR*<\\\/strong><\\\/h4>\\n\n\n<p style=\\\"font-size: 12px;\\\">Die Theoriegeb\\u00fchr von 830,- EUR wird vor Kursbeginn berechnet, die Praxisausbildung erfolgt separat.<\\\/p>\",\"content_column_breakpoint\":\"m\",\"css\":\".li_zwei{\\n    font-size:14px;\\n    margin:0px;\\n}\",\"icon_width\":80,\"image_align\":\"top\",\"image_grid_breakpoint\":\"m\",\"image_grid_width\":\"1-2\",\"image_svg_color\":\"emphasis\",\"link_style\":\"default\",\"link_text\":\"Read more\",\"margin\":\"default\",\"meta\":\"\",\"meta_align\":\"below-title\",\"meta_element\":\"div\",\"meta_style\":\"text-meta\",\"panel_padding\":\"default\",\"panel_style\":\"card-default\",\"title\":\"Theorie in 7 Tagen\",\"title_align\":\"top\",\"title_element\":\"h3\",\"title_grid_breakpoint\":\"m\",\"title_grid_width\":\"1-2\",\"title_hover_style\":\"reset\"}}]}]},{\"type\":\"row\",\"children\":[{\"type\":\"column\",\"props\":{\"image_position\":\"center-center\",\"position_sticky_breakpoint\":\"m\"},\"children\":[{\"type\":\"divider\",\"props\":{\"divider_element\":\"hr\"}}]}]},{\"type\":\"row\",\"children\":[{\"type\":\"column\",\"props\":{\"image_position\":\"center-center\",\"position_sticky_breakpoint\":\"m\"},\"children\":[{\"type\":\"headline\",\"props\":{\"content\":\"Klasse A, A1 oder A2\",\"margin_remove_bottom\":true,\"margin_remove_top\":false,\"title_element\":\"h2\",\"title_style\":\"h1\"}}]}]},{\"type\":\"row\",\"props\":{\"column_gap\":\"collapse\",\"layout\":\"1-3,1-3,1-3\"},\"children\":[{\"type\":\"column\",\"props\":{\"image_position\":\"center-center\",\"position_sticky_breakpoint\":\"m\",\"width_medium\":\"1-3\"},\"children\":[{\"type\":\"panel\",\"props\":{\"content\":\"\n\n<ul>\\n\n\n<li>8 \\u00dcbungsstunden \\u00e0 45 Min. (95,- EUR je Stunde)<\\\/li>\\n\n\n<li>Besondere Ausbildungsfahrten (12 \\u00d7 45 Min., 95,- EUR je Stunde)<\\\/li>\\n\n\n<li>Praktische Pr\\u00fcfungsvorstellung (200,- EUR)<\\\/li>\\n<\\\/ul>\\n\n\n<h4 style=\\\"text-align: left; margin-top: 80px;\\\"><strong>2.100,- EUR*<\\\/strong><\\\/h4>\",\"content_column_breakpoint\":\"m\",\"icon_width\":80,\"image_align\":\"top\",\"image_grid_breakpoint\":\"m\",\"image_grid_width\":\"1-2\",\"image_svg_color\":\"emphasis\",\"link_style\":\"default\",\"link_text\":\"Read more\",\"margin\":\"default\",\"meta\":\"\",\"meta_align\":\"below-title\",\"meta_element\":\"div\",\"meta_style\":\"text-meta\",\"panel_padding\":\"default\",\"panel_style\":\"card-default\",\"title\":\"Praxis Modul 8-10 Tage\",\"title_align\":\"top\",\"title_element\":\"h3\",\"title_grid_breakpoint\":\"m\",\"title_grid_width\":\"1-2\",\"title_hover_style\":\"reset\"}}]},{\"type\":\"column\",\"props\":{\"css\":\".el-column{\\n    width:3%;\\n}\",\"image_position\":\"center-center\",\"position_sticky_breakpoint\":\"m\",\"vertical_align\":\"middle\",\"width_medium\":\"1-5\"},\"children\":[{\"type\":\"headline\",\"props\":{\"content\":\"+\",\"text_align\":\"center\",\"title_element\":\"h1\"}}]},{\"type\":\"column\",\"props\":{\"image_position\":\"center-center\",\"position_sticky_breakpoint\":\"m\",\"width_medium\":\"1-3\"},\"children\":[{\"type\":\"panel\",\"props\":{\"content\":\"\n\n<ul>\\n\n\n<li>Grundbetrag (529,- EUR)<\\\/li>\\n\n\n<li>Lernmittel Klasse A (99,- EUR)<br \\\/>\\n\n\n<ul>\\n\n\n<li>\\n\n\n<p class=\\\"li_zwei\\\">LernApp<\\\/p>\\n<\\\/li>\\n\n\n<li>\\n\n\n<p class=\\\"li_zwei\\\">Drivers Cam<\\\/p>\\n<\\\/li>\\n\n\n<li>\\n\n\n<p class=\\\"li_zwei\\\">Buch (digital)<\\\/p>\\n<\\\/li>\\n<\\\/ul>\\n<\\\/li>\\n\n\n<li>Vorstellung zur Theorie-Pr\\u00fcfung (52,- EUR)<br \\\/><br \\\/><\\\/li>\\n<\\\/ul>\\n\n\n<h4 style=\\\"margin-top: 0px;\\\"><strong>680,- EUR*<\\\/strong><\\\/h4>\\n\n\n<p style=\\\"font-size: 12px;\\\">Die Theoriegeb\\u00fchr von 650,- EUR wird vor Kursbeginn berechnet, die Praxisausbildung erfolgt separat.<\\\/p>\",\"content_column_breakpoint\":\"m\",\"css\":\".li_zwei{\\n    font-size:14px;\\n    margin:0px;\\n}\",\"icon_width\":80,\"image_align\":\"top\",\"image_grid_breakpoint\":\"m\",\"image_grid_width\":\"1-2\",\"image_svg_color\":\"emphasis\",\"link_style\":\"default\",\"link_text\":\"Read more\",\"margin\":\"default\",\"meta\":\"\",\"meta_align\":\"below-title\",\"meta_element\":\"div\",\"meta_style\":\"text-meta\",\"panel_padding\":\"default\",\"panel_style\":\"card-default\",\"title\":\" Theorie Modul in 7 Tagen\",\"title_align\":\"top\",\"title_element\":\"h3\",\"title_grid_breakpoint\":\"m\",\"title_grid_width\":\"1-2\",\"title_hover_style\":\"reset\"}}]}]},{\"type\":\"row\",\"children\":[{\"type\":\"column\",\"props\":{\"image_position\":\"center-center\",\"position_sticky_breakpoint\":\"m\"},\"children\":[{\"type\":\"divider\",\"props\":{\"divider_element\":\"hr\"}}]}]},{\"type\":\"row\",\"children\":[{\"type\":\"column\",\"props\":{\"image_position\":\"center-center\",\"position_sticky_breakpoint\":\"m\"},\"children\":[{\"type\":\"headline\",\"props\":{\"content\":\"Klasse C + CE\",\"margin_remove_bottom\":true,\"margin_remove_top\":false,\"title_element\":\"h2\",\"title_style\":\"h1\"}}]}]},{\"type\":\"row\",\"props\":{\"column_gap\":\"collapse\",\"layout\":\"1-3,1-3,1-3\"},\"children\":[{\"type\":\"column\",\"props\":{\"image_position\":\"center-center\",\"position_sticky_breakpoint\":\"m\",\"width_medium\":\"1-3\"},\"children\":[{\"type\":\"panel\",\"props\":{\"content\":\"\n\n<ul>\\n\n\n<li>8 \\u00dcbungsstunden Solo \\u00e0 45 Min. (120,- EUR je Stunde)<\\\/li>\\n\n\n<li>8 \\u00dcbungsstunden mit Anh\\u00e4nger \\u00e0 45 Min. (125,- EUR je Stunde)<\\\/li>\\n\n\n<li>3 \\u00dcberlandfahrten Solo \\u00e0 45 Min. (120,- EUR je Stunde)<\\\/li>\\n\n\n<li>1 Autobahnfahrt Solo \\u00e0 45 Min. (120,- EUR je Stunde)<\\\/li>\\n\n\n<li>5 \\u00dcberlandfahrten mit Anh\\u00e4nger \\u00e0 45 Min. (125,- EUR je Stunde)<\\\/li>\\n\n\n<li>2 Autobahnfahrten mit Anh\\u00e4nger \\u00e0 45 Min. (125,- EUR je Stunde)<\\\/li>\\n\n\n<li>3 Nachtfahrten mit Anh\\u00e4nger \\u00e0 45 Min. (125,- EUR je Stunde)<\\\/li>\\n\n\n<li>Praktische Pr\\u00fcfungsvorstellung (249,- EUR)<\\\/li>\\n<\\\/ul>\\n\n\n<h4 style=\\\"text-align: left;\\\"><strong>3.939,- EUR*<\\\/strong><\\\/h4>\",\"content_column_breakpoint\":\"m\",\"icon_width\":80,\"image_align\":\"top\",\"image_grid_breakpoint\":\"m\",\"image_grid_width\":\"1-2\",\"image_svg_color\":\"emphasis\",\"link_style\":\"default\",\"link_text\":\"Read more\",\"margin\":\"default\",\"meta\":\"\",\"meta_align\":\"below-title\",\"meta_element\":\"div\",\"meta_style\":\"text-meta\",\"panel_padding\":\"default\",\"panel_style\":\"card-default\",\"title\":\"Praxis Modul 8-10 Tage\",\"title_align\":\"top\",\"title_element\":\"h3\",\"title_grid_breakpoint\":\"m\",\"title_grid_width\":\"1-2\",\"title_hover_style\":\"reset\"}}]},{\"type\":\"column\",\"props\":{\"css\":\".el-column{\\n    width:3%;\\n}\",\"image_position\":\"center-center\",\"position_sticky_breakpoint\":\"m\",\"vertical_align\":\"middle\",\"width_medium\":\"1-5\"},\"children\":[{\"type\":\"headline\",\"props\":{\"content\":\"+\",\"text_align\":\"center\",\"title_element\":\"h1\"}}]},{\"type\":\"column\",\"props\":{\"image_position\":\"center-center\",\"position_sticky_breakpoint\":\"m\",\"width_medium\":\"1-3\"},\"children\":[{\"type\":\"panel\",\"props\":{\"content\":\"\n\n<ul>\\n\n\n<li>Grundbetrag (C: 699,- EUR + CE: 199,- EUR)<\\\/li>\\n\n\n<li>Lern App (99,- EUR)<\\\/li>\\n\n\n<li>Vorstellung zur Theorie-Pr\\u00fcfung (52,- EUR)<br \\\/><br \\\/><\\\/li>\\n<\\\/ul>\\n\n\n<h4 style=\\\"margin-top: 0px;\\\"><strong>1.049,- EUR*<\\\/strong><\\\/h4>\\n\n\n<p style=\\\"font-size: 12px;\\\">Die Theoriegeb\\u00fchr von 1.049,- EUR wird vor Kursbeginn berechnet, die Praxisausbildung erfolgt separat.<\\\/p>\",\"content_column_breakpoint\":\"m\",\"css\":\".li_zwei{\\n    font-size:14px;\\n    margin:0px;\\n}\",\"icon_width\":80,\"image_align\":\"top\",\"image_grid_breakpoint\":\"m\",\"image_grid_width\":\"1-2\",\"image_svg_color\":\"emphasis\",\"link_style\":\"default\",\"link_text\":\"Read more\",\"margin\":\"default\",\"meta\":\"\",\"meta_align\":\"below-title\",\"meta_element\":\"div\",\"meta_style\":\"text-meta\",\"panel_padding\":\"default\",\"panel_style\":\"card-default\",\"title\":\" Theorie Modul in 7 Tagen\",\"title_align\":\"top\",\"title_element\":\"h3\",\"title_grid_breakpoint\":\"m\",\"title_grid_width\":\"1-2\",\"title_hover_style\":\"reset\"}}]}]},{\"type\":\"row\",\"children\":[{\"type\":\"column\",\"props\":{\"image_position\":\"center-center\",\"position_sticky_breakpoint\":\"m\"},\"children\":[{\"type\":\"divider\",\"props\":{\"divider_element\":\"hr\"}}]}]},{\"type\":\"row\",\"children\":[{\"type\":\"column\",\"props\":{\"image_position\":\"center-center\",\"position_sticky_breakpoint\":\"m\"},\"children\":[{\"type\":\"headline\",\"props\":{\"content\":\"Klasse C\",\"margin_remove_bottom\":true,\"margin_remove_top\":false,\"title_element\":\"h2\",\"title_style\":\"h1\"}}]}]},{\"type\":\"row\",\"props\":{\"column_gap\":\"collapse\",\"layout\":\"1-3,1-3,1-3\"},\"children\":[{\"type\":\"column\",\"props\":{\"image_position\":\"center-center\",\"position_sticky_breakpoint\":\"m\",\"width_medium\":\"1-3\"},\"children\":[{\"type\":\"panel\",\"props\":{\"content\":\"\n\n<ul>\\n\n\n<li>8 \\u00dcbungsstunden \\u00e0 45 Min. (120,- EUR je Stunde)<\\\/li>\\n\n\n<li>5 \\u00dcberlandfahrten \\u00e0 45 Min. (120,- EUR je Stunde)<\\\/li>\\n\n\n<li>2 Autobahnfahrten \\u00e0 45 Min. (120,- EUR je Stunde)<\\\/li>\\n\n\n<li>3 Nachtfahrten \\u00e0 45 Min. (120,- EUR je Stunde)<\\\/li>\\n\n\n<li>Praktische Pr\\u00fcfungsvorstellung (249,- EUR)<\\\/li>\\n<\\\/ul>\\n\n\n<p><\\\/p>\\n\n\n<h4 style=\\\"text-align: left;\\\"><strong>2.409,- EUR*<\\\/strong><\\\/h4>\",\"content_column_breakpoint\":\"m\",\"icon_width\":80,\"image_align\":\"top\",\"image_grid_breakpoint\":\"m\",\"image_grid_width\":\"1-2\",\"image_svg_color\":\"emphasis\",\"link_style\":\"default\",\"link_text\":\"Read more\",\"margin\":\"default\",\"meta\":\"\",\"meta_align\":\"below-title\",\"meta_element\":\"div\",\"meta_style\":\"text-meta\",\"panel_padding\":\"default\",\"panel_style\":\"card-default\",\"title\":\"Praxis Modul 8-10 Tage\",\"title_align\":\"top\",\"title_element\":\"h3\",\"title_grid_breakpoint\":\"m\",\"title_grid_width\":\"1-2\",\"title_hover_style\":\"reset\"}}]},{\"type\":\"column\",\"props\":{\"css\":\".el-column{\\n    width:3%;\\n}\",\"image_position\":\"center-center\",\"position_sticky_breakpoint\":\"m\",\"vertical_align\":\"middle\",\"width_medium\":\"1-5\"},\"children\":[{\"type\":\"headline\",\"props\":{\"content\":\"+\",\"text_align\":\"center\",\"title_element\":\"h1\"}}]},{\"type\":\"column\",\"props\":{\"image_position\":\"center-center\",\"position_sticky_breakpoint\":\"m\",\"width_medium\":\"1-3\"},\"children\":[{\"type\":\"panel\",\"props\":{\"content\":\"\n\n<ul>\\n\n\n<li>Grundbetrag (699,- EUR)<\\\/li>\\n\n\n<li>Lern App (99,- EUR)<\\\/li>\\n\n\n<li>Vorstellung zur Theorie-Pr\\u00fcfung (52,- EUR)<br \\\/><br \\\/><\\\/li>\\n<\\\/ul>\\n\n\n<h4 style=\\\"margin-top: 0px;\\\"><strong>850,- EUR*<\\\/strong><\\\/h4>\\n\n\n<p style=\\\"font-size: 12px;\\\">Die Theoriegeb\\u00fchr von 850,- EUR wird vor Kursbeginn berechnet, die Praxisausbildung erfolgt separat.<\\\/p>\",\"content_column_breakpoint\":\"m\",\"css\":\".li_zwei{\\n    font-size:14px;\\n    margin:0px;\\n}\",\"icon_width\":80,\"image_align\":\"top\",\"image_grid_breakpoint\":\"m\",\"image_grid_width\":\"1-2\",\"image_svg_color\":\"emphasis\",\"link_style\":\"default\",\"link_text\":\"Read more\",\"margin\":\"default\",\"meta\":\"\",\"meta_align\":\"below-title\",\"meta_element\":\"div\",\"meta_style\":\"text-meta\",\"panel_padding\":\"default\",\"panel_style\":\"card-default\",\"title\":\" Theorie Modul in 7 Tagen\",\"title_align\":\"top\",\"title_element\":\"h3\",\"title_grid_breakpoint\":\"m\",\"title_grid_width\":\"1-2\",\"title_hover_style\":\"reset\"}}]}]},{\"type\":\"row\",\"children\":[{\"type\":\"column\",\"props\":{\"image_position\":\"center-center\",\"position_sticky_breakpoint\":\"m\"},\"children\":[{\"type\":\"divider\",\"props\":{\"divider_element\":\"hr\"}}]}]},{\"type\":\"row\",\"children\":[{\"type\":\"column\",\"props\":{\"image_position\":\"center-center\",\"position_sticky_breakpoint\":\"m\"},\"children\":[{\"type\":\"headline\",\"props\":{\"content\":\"Klasse C1\",\"margin_remove_bottom\":true,\"margin_remove_top\":false,\"title_element\":\"h2\",\"title_style\":\"h1\"}}]}]},{\"type\":\"row\",\"props\":{\"column_gap\":\"collapse\",\"layout\":\"1-3,1-3,1-3\"},\"children\":[{\"type\":\"column\",\"props\":{\"image_position\":\"center-center\",\"position_sticky_breakpoint\":\"m\",\"width_medium\":\"1-3\"},\"children\":[{\"type\":\"panel\",\"props\":{\"content\":\"\n\n<ul>\\n\n\n<li>8 \\u00dcbungsstunden \\u00e0 45 Min. (110,- EUR je Stunde)<\\\/li>\\n\n\n<li>5 \\u00dcberlandfahrten \\u00e0 45 Min. (110,- EUR je Stunde)<\\\/li>\\n\n\n<li>1 Autobahnfahrt \\u00e0 45 Min. (110,- EUR je Stunde)<\\\/li>\\n\n\n<li>1 Nachtfahrt \\u00e0 45 Min. (110,- EUR je Stunde)<\\\/li>\\n\n\n<li>Praktische Pr\\u00fcfungsvorstellung (249,- EUR)<\\\/li>\\n<\\\/ul>\\n\n\n<p><\\\/p>\\n\n\n<h4 style=\\\"text-align: left;\\\"><strong>1.899,- EUR*<\\\/strong><\\\/h4>\",\"content_column_breakpoint\":\"m\",\"icon_width\":80,\"image_align\":\"top\",\"image_grid_breakpoint\":\"m\",\"image_grid_width\":\"1-2\",\"image_svg_color\":\"emphasis\",\"link_style\":\"default\",\"link_text\":\"Read more\",\"margin\":\"default\",\"meta\":\"\",\"meta_align\":\"below-title\",\"meta_element\":\"div\",\"meta_style\":\"text-meta\",\"panel_padding\":\"default\",\"panel_style\":\"card-default\",\"title\":\"Praxis Modul 8-10 Tage\",\"title_align\":\"top\",\"title_element\":\"h3\",\"title_grid_breakpoint\":\"m\",\"title_grid_width\":\"1-2\",\"title_hover_style\":\"reset\"}}]},{\"type\":\"column\",\"props\":{\"css\":\".el-column{\\n    width:3%;\\n}\",\"image_position\":\"center-center\",\"position_sticky_breakpoint\":\"m\",\"vertical_align\":\"middle\",\"width_medium\":\"1-5\"},\"children\":[{\"type\":\"headline\",\"props\":{\"content\":\"+\",\"text_align\":\"center\",\"title_element\":\"h1\"}}]},{\"type\":\"column\",\"props\":{\"image_position\":\"center-center\",\"position_sticky_breakpoint\":\"m\",\"width_medium\":\"1-3\"},\"children\":[{\"type\":\"panel\",\"props\":{\"content\":\"\n\n<ul>\\n\n\n<li>Grundbetrag (529,- EUR)<\\\/li>\\n\n\n<li>Lern App (99,- EUR)<\\\/li>\\n\n\n<li>Vorstellung zur Theorie-Pr\\u00fcfung (52,- EUR)<br \\\/><br \\\/><\\\/li>\\n<\\\/ul>\\n\n\n<h4 style=\\\"margin-top: 0px;\\\"><strong>680,- EUR*<\\\/strong><\\\/h4>\\n\n\n<p style=\\\"font-size: 12px;\\\">Die Theoriegeb\\u00fchr von 650,- EUR wird vor Kursbeginn berechnet, die Praxisausbildung erfolgt separat.<\\\/p>\",\"content_column_breakpoint\":\"m\",\"css\":\".li_zwei{\\n    font-size:14px;\\n    margin:0px;\\n}\",\"icon_width\":80,\"image_align\":\"top\",\"image_grid_breakpoint\":\"m\",\"image_grid_width\":\"1-2\",\"image_svg_color\":\"emphasis\",\"link_style\":\"default\",\"link_text\":\"Read more\",\"margin\":\"default\",\"meta\":\"\",\"meta_align\":\"below-title\",\"meta_element\":\"div\",\"meta_style\":\"text-meta\",\"panel_padding\":\"default\",\"panel_style\":\"card-default\",\"title\":\" Theorie Modul in 7 Tagen\",\"title_align\":\"top\",\"title_element\":\"h3\",\"title_grid_breakpoint\":\"m\",\"title_grid_width\":\"1-2\",\"title_hover_style\":\"reset\"}}]}]},{\"type\":\"row\",\"children\":[{\"type\":\"column\",\"props\":{\"image_position\":\"center-center\",\"position_sticky_breakpoint\":\"m\"},\"children\":[{\"type\":\"text\",\"props\":{\"column_breakpoint\":\"m\",\"content\":\"\n\n<p>Die Amtsgeb\\u00fchr f\\u00fcr den F\\u00fchrerscheinantrag und die Pr\\u00fcfgeb\\u00fchr des T\\u00dcV f\\u00fcr die Theorie- und Praxispr\\u00fcfung sind nicht enthalten.<br \\\/>Die ben\\u00f6tigte Anzahl der \\u00dcbungsfahrten variiert je nach individuellem Lernfortschritt.<br \\\/>Sollten zus\\u00e4tzliche Fahrstunden notwendig sein oder Pr\\u00fcfungen wiederholt werden, wird dieses separat nachberechnet.<\\\/p>\",\"margin\":\"default\"}},{\"type\":\"text\",\"props\":{\"column_breakpoint\":\"m\",\"content\":\"\n\n<p>Eine Fahrstunde entspricht 45 Minuten. Die angegebenen Preise verstehen sich pro Fahrstunde (sofern nicht anders angegeben). Gesamtpreise ergeben sich aus der Anzahl der Fahrstunden multipliziert mit dem jeweiligen Einzelpreis.<\\\/p>\",\"margin\":\"default\"}},{\"type\":\"text\",\"props\":{\"column_breakpoint\":\"m\",\"content\":\"\n\n<p>*Preise verstehen sich inklusive der gesetzlichen MwSt. von 19%<\\\/p>\",\"margin\":\"default\"}}]}]}],\"name\":\"Kosten\"},{\"type\":\"section\",\"props\":{\"css\":\".el-section{\\n    background-color:#299d86;\\n    border-top:5px solid #fff;\\n    \\n}\",\"id\":\"uebernachtung\",\"image_position\":\"center-center\",\"style\":\"secondary\",\"title_breakpoint\":\"xl\",\"title_position\":\"top-left\",\"title_rotation\":\"left\",\"vertical_align\":\"\",\"width\":\"default\"},\"children\":[{\"type\":\"row\",\"children\":[{\"type\":\"column\",\"props\":{\"image_position\":\"center-center\",\"position_sticky_breakpoint\":\"m\"},\"children\":[{\"type\":\"headline\",\"props\":{\"content\":\"Ab sofort!\",\"text_align\":\"center\",\"title_element\":\"h2\",\"title_style\":\"h3\"}},{\"type\":\"headline\",\"props\":{\"content\":\"Unterkunft f\\u00fcr deinen Intensivkurs<br \/> nur 350 EUR f\\u00fcr 14 Tage!\\n\",\"text_align\":\"center\",\"title_element\":\"h2\",\"title_style\":\"h1\"}}]}]},{\"type\":\"row\",\"props\":{\"column_gap\":\"large\",\"layout\":\"1-2,1-2\"},\"children\":[{\"type\":\"column\",\"props\":{\"image_position\":\"center-center\",\"position_sticky_breakpoint\":\"m\",\"width_medium\":\"1-2\"},\"children\":[{\"type\":\"video\",\"props\":{\"margin\":\"default\",\"text_align\":\"center\",\"video\":\"wp-content\\\/uploads\\\/FB_Unterkunft_V1.mov\",\"video_controls\":true,\"video_poster\":\"wp-content\\\/uploads\\\/2022\\\/03\\\/2023-12-videoposter.png\",\"video_width\":\"850\"}},{\"type\":\"text\",\"props\":{\"block_align\":\"center\",\"column_breakpoint\":\"m\",\"content\":\"\n\n<p>Unsere Fahrschule bietet dir eine bequeme Unterkunft direkt vor Ort f\\u00fcr deinen Intensivkurs. Die Unterkunft steht dir f\\u00fcr den gesamten Kurszeitraum zur Verf\\u00fcgung und bietet dir eine angenehme Lernatmosph\\u00e4re. Du sparst Zeit und Geld f\\u00fcr die An- und Abreise sowie f\\u00fcr \\u00dcbernachtungskosten. Unsere Unterkunft ist komfortabel und funktional eingerichtet und bietet dir alles, was du f\\u00fcr einen erfolgreichen Abschluss deines Kurses brauchst.<\\\/p>\\n\n\n<p>Buche jetzt deine Unterkunft und konzentriere dich voll und ganz auf deine Ausbildung.<\\\/p>\",\"margin\":\"default\"}},{\"type\":\"button\",\"props\":{\"button_size\":\"large\",\"css\":\".el-content{\\n    font-size:16px;\\n}\",\"grid_column_gap\":\"small\",\"grid_row_gap\":\"small\",\"margin\":\"default\",\"text_align\":\"center\"},\"children\":[{\"type\":\"button_item\",\"props\":{\"button_style\":\"primary\",\"content\":\"Jetzt Unterkunft buchen!\",\"dialog_layout\":\"modal\",\"dialog_offcanvas_flip\":true,\"icon_align\":\"left\",\"link\":\"#buchen\"}}]}]},{\"type\":\"column\",\"props\":{\"image_position\":\"center-center\",\"position_sticky_breakpoint\":\"m\",\"width_medium\":\"1-2\"},\"children\":[{\"type\":\"slideshow\",\"props\":{\"class\":\"uk-visible@m\",\"css\":\".el-element {\\n  box-shadow: 0 1px 3px 0 rgba(0,0,0,.18),0 10px 40px -20px rgba(0,0,0,.3);\\n}\",\"link_style\":\"default\",\"link_text\":\"Read more\",\"margin\":\"default\",\"meta_align\":\"below-title\",\"meta_element\":\"div\",\"meta_style\":\"text-meta\",\"nav\":\"dotnav\",\"nav_align\":\"center\",\"nav_breakpoint\":\"s\",\"nav_position\":\"bottom-center\",\"nav_position_margin\":\"medium\",\"overlay_animation\":\"parallax\",\"overlay_position\":\"center-left\",\"show_content\":true,\"show_link\":true,\"show_meta\":true,\"show_thumbnail\":true,\"show_title\":false,\"slidenav\":\"default\",\"slidenav_breakpoint\":\"s\",\"slidenav_margin\":\"medium\",\"slidenav_outside_breakpoint\":\"xl\",\"slideshow_animation\":\"pull\",\"slideshow_autoplay\":true,\"slideshow_autoplay_pause\":true,\"slideshow_kenburns\":\"alternate\",\"slideshow_max_height\":\"650\",\"slideshow_min_height\":\"650\",\"thumbnav_height\":\"75\",\"thumbnav_svg_color\":\"emphasis\",\"thumbnav_width\":\"100\",\"title_element\":\"h3\",\"title_hover_style\":\"reset\"},\"children\":[{\"type\":\"slideshow_item\",\"props\":{\"image\":\"wp-content\\\/uploads\\\/2022\\\/03\\\/Fahrschule-Bannat-Bilder-Unterkunft-8-1.jpg\",\"title\":\"Fahrschule-Bannat---Bilder-Unterkunft-8\"}},{\"type\":\"slideshow_item\",\"props\":{\"image\":\"wp-content\\\/uploads\\\/2022\\\/03\\\/Fahrschule-Bannat-Bilder-Unterkunft-1-1.jpg\",\"title\":\"Fahrschule-Bannat---Bilder-Unterkunft-1\"}},{\"type\":\"slideshow_item\",\"props\":{\"image\":\"wp-content\\\/uploads\\\/2022\\\/03\\\/Fahrschule-Bannat-Bilder-Unterkunft-2-1.jpg\",\"title\":\"Fahrschule-Bannat---Bilder-Unterkunft-2\"}},{\"type\":\"slideshow_item\",\"props\":{\"image\":\"wp-content\\\/uploads\\\/2022\\\/03\\\/Fahrschule-Bannat-Bilder-Unterkunft-3-1.jpg\",\"title\":\"Fahrschule-Bannat---Bilder-Unterkunft-3\"}},{\"type\":\"slideshow_item\",\"props\":{\"image\":\"wp-content\\\/uploads\\\/2022\\\/03\\\/Fahrschule-Bannat-Bilder-Unterkunft-4-1.jpg\",\"title\":\"Fahrschule-Bannat---Bilder-Unterkunft-4\"}},{\"type\":\"slideshow_item\",\"props\":{\"image\":\"wp-content\\\/uploads\\\/2022\\\/03\\\/Fahrschule-Bannat-Bilder-Unterkunft-5-1.jpg\",\"title\":\"Fahrschule-Bannat---Bilder-Unterkunft-5\"}},{\"type\":\"slideshow_item\",\"props\":{\"image\":\"wp-content\\\/uploads\\\/2022\\\/03\\\/Fahrschule-Bannat-Bilder-Unterkunft-6-1.jpg\",\"title\":\"Fahrschule-Bannat---Bilder-Unterkunft-6\"}},{\"type\":\"slideshow_item\",\"props\":{\"image\":\"wp-content\\\/uploads\\\/2022\\\/03\\\/Fahrschule-Bannat-Bilder-Unterkunft-7-1.jpg\",\"title\":\"Fahrschule-Bannat---Bilder-Unterkunft-7\"}}]},{\"type\":\"gallery\",\"props\":{\"class\":\"uk-hidden@m\",\"css\":\".el-item {\\n  box-shadow: 0 1px 3px 0 rgba(0,0,0,.18),0 10px 40px -20px rgba(0,0,0,.3);\\n}\",\"filter_align\":\"left\",\"filter_all\":true,\"filter_grid_breakpoint\":\"m\",\"filter_grid_width\":\"auto\",\"filter_position\":\"top\",\"filter_style\":\"tab\",\"grid_column_gap\":\"small\",\"grid_default\":\"2\",\"grid_medium\":\"3\",\"grid_row_gap\":\"small\",\"grid_small\":\"3\",\"image_height\":\"200\",\"image_width\":\"300\",\"item_animation\":true,\"lightbox\":true,\"lightbox_bg_close\":true,\"link_style\":\"default\",\"link_text\":\"\",\"margin\":\"default\",\"meta_align\":\"below-title\",\"meta_element\":\"div\",\"meta_style\":\"text-meta\",\"overlay_hover\":false,\"overlay_link\":true,\"overlay_mode\":\"cover\",\"overlay_position\":\"center-left\",\"overlay_style\":\"\",\"overlay_transition\":\"fade\",\"show_content\":true,\"show_hover_image\":true,\"show_hover_video\":true,\"show_link\":true,\"show_meta\":true,\"show_title\":false,\"text_align\":\"center\",\"text_color\":\"light\",\"title_element\":\"h3\",\"title_hover_style\":\"reset\"},\"children\":[{\"type\":\"gallery_item\",\"props\":{\"image\":\"wp-content\\\/uploads\\\/2022\\\/03\\\/Fahrschule-Bannat-Bilder-Unterkunft-8-1.jpg\",\"title\":\"Fahrschule-Bannat---Bilder-Unterkunft-8\"}},{\"type\":\"gallery_item\",\"props\":{\"image\":\"wp-content\\\/uploads\\\/2022\\\/03\\\/Fahrschule-Bannat-Bilder-Unterkunft-1-1.jpg\",\"title\":\"Fahrschule-Bannat---Bilder-Unterkunft-1\"}},{\"type\":\"gallery_item\",\"props\":{\"image\":\"wp-content\\\/uploads\\\/2022\\\/03\\\/Fahrschule-Bannat-Bilder-Unterkunft-2-1.jpg\",\"title\":\"Fahrschule-Bannat---Bilder-Unterkunft-2\"}},{\"type\":\"gallery_item\",\"props\":{\"image\":\"wp-content\\\/uploads\\\/2022\\\/03\\\/Fahrschule-Bannat-Bilder-Unterkunft-4-1.jpg\",\"title\":\"Fahrschule-Bannat---Bilder-Unterkunft-4\"}},{\"type\":\"gallery_item\",\"props\":{\"image\":\"wp-content\\\/uploads\\\/2022\\\/03\\\/Fahrschule-Bannat-Bilder-Unterkunft-5-1.jpg\",\"title\":\"Fahrschule-Bannat---Bilder-Unterkunft-5\"}},{\"type\":\"gallery_item\",\"props\":{\"image\":\"wp-content\\\/uploads\\\/2022\\\/03\\\/Fahrschule-Bannat-Bilder-Unterkunft-6-1.jpg\",\"title\":\"Fahrschule-Bannat---Bilder-Unterkunft-6\"}},{\"type\":\"gallery_item\",\"props\":{\"image\":\"wp-content\\\/uploads\\\/2022\\\/03\\\/Fahrschule-Bannat-Bilder-Unterkunft-7-1.jpg\",\"title\":\"Fahrschule-Bannat---Bilder-Unterkunft-7\"}},{\"type\":\"gallery_item\",\"props\":{\"image\":\"wp-content\\\/uploads\\\/2022\\\/03\\\/Fahrschule-Bannat-Bilder-Unterkunft-3-1.jpg\",\"title\":\"Fahrschule-Bannat---Bilder-Unterkunft-7\"}}]}]}]},{\"type\":\"row\",\"props\":{\"layout\":\"1-2,1-2\"},\"children\":[{\"type\":\"column\",\"props\":{\"image_position\":\"center-center\",\"position_sticky_breakpoint\":\"m\",\"width_medium\":\"1-2\"},\"children\":[{\"type\":\"slideshow\",\"props\":{\"class\":\"uk-visible@m\",\"css\":\".el-element {\\n  box-shadow: 0 1px 3px 0 rgba(0,0,0,.18),0 10px 40px -20px rgba(0,0,0,.3);\\n}\",\"link_style\":\"default\",\"link_text\":\"Read more\",\"margin\":\"default\",\"meta_align\":\"below-title\",\"meta_element\":\"div\",\"meta_style\":\"text-meta\",\"nav\":\"dotnav\",\"nav_align\":\"center\",\"nav_breakpoint\":\"s\",\"nav_position\":\"bottom-center\",\"nav_position_margin\":\"medium\",\"overlay_animation\":\"parallax\",\"overlay_position\":\"center-left\",\"show_content\":true,\"show_link\":true,\"show_meta\":true,\"show_thumbnail\":true,\"show_title\":false,\"slidenav\":\"default\",\"slidenav_breakpoint\":\"s\",\"slidenav_margin\":\"medium\",\"slidenav_outside_breakpoint\":\"xl\",\"slideshow_animation\":\"pull\",\"slideshow_autoplay\":true,\"slideshow_autoplay_pause\":true,\"slideshow_kenburns\":\"alternate\",\"slideshow_max_height\":\"770\",\"slideshow_min_height\":\"770\",\"thumbnav_height\":\"75\",\"thumbnav_svg_color\":\"emphasis\",\"thumbnav_width\":\"100\",\"title_element\":\"h3\",\"title_hover_style\":\"reset\"},\"children\":[{\"type\":\"slideshow_item\",\"props\":{\"image\":\"wp-content\\\/uploads\\\/2022\\\/03\\\/IMG-20250407-WA0012.jpg\",\"title\":\"IMG-20250407-WA0012\"}},{\"type\":\"slideshow_item\",\"props\":{\"image\":\"wp-content\\\/uploads\\\/2022\\\/03\\\/IMG-20250407-WA0001.jpg\",\"title\":\"IMG-20250407-WA0001\"}},{\"type\":\"slideshow_item\",\"props\":{\"image\":\"wp-content\\\/uploads\\\/2022\\\/03\\\/IMG-20250407-WA0002.jpg\",\"title\":\"IMG-20250407-WA0002\"}},{\"type\":\"slideshow_item\",\"props\":{\"image\":\"wp-content\\\/uploads\\\/2022\\\/03\\\/IMG-20250407-WA0003.jpg\",\"title\":\"IMG-20250407-WA0003\"}},{\"type\":\"slideshow_item\",\"props\":{\"image\":\"wp-content\\\/uploads\\\/2022\\\/03\\\/IMG-20250407-WA0004.jpg\",\"title\":\"IMG-20250407-WA0004\"}},{\"type\":\"slideshow_item\",\"props\":{\"image\":\"wp-content\\\/uploads\\\/2022\\\/03\\\/IMG-20250407-WA0005.jpg\",\"title\":\"IMG-20250407-WA0005\"}},{\"type\":\"slideshow_item\",\"props\":{\"image\":\"wp-content\\\/uploads\\\/2022\\\/03\\\/IMG-20250407-WA0006.jpg\",\"title\":\"IMG-20250407-WA0006\"}},{\"type\":\"slideshow_item\",\"props\":{\"image\":\"wp-content\\\/uploads\\\/2022\\\/03\\\/IMG-20250407-WA0007.jpg\",\"title\":\"IMG-20250407-WA0007\"}},{\"type\":\"slideshow_item\",\"props\":{\"image\":\"wp-content\\\/uploads\\\/2022\\\/03\\\/IMG-20250407-WA0008.jpg\",\"title\":\"IMG-20250407-WA0008\"}},{\"type\":\"slideshow_item\",\"props\":{\"image\":\"wp-content\\\/uploads\\\/2022\\\/03\\\/IMG-20250407-WA0009.jpg\",\"title\":\"IMG-20250407-WA0009\"}},{\"type\":\"slideshow_item\",\"props\":{\"image\":\"wp-content\\\/uploads\\\/2022\\\/03\\\/IMG-20250407-WA0010.jpg\",\"title\":\"IMG-20250407-WA0010\"}},{\"type\":\"slideshow_item\",\"props\":{\"image\":\"wp-content\\\/uploads\\\/2022\\\/03\\\/IMG-20250407-WA0011.jpg\",\"title\":\"IMG-20250407-WA0011\"}},{\"type\":\"slideshow_item\",\"props\":{\"image\":\"wp-content\\\/uploads\\\/2022\\\/03\\\/IMG-20250407-WA0014.jpg\",\"title\":\"IMG-20250407-WA0014\"}},{\"type\":\"slideshow_item\",\"props\":{\"image\":\"wp-content\\\/uploads\\\/2022\\\/03\\\/IMG-20250407-WA0015.jpg\",\"title\":\"IMG-20250407-WA0015\"}},{\"type\":\"slideshow_item\",\"props\":{\"image\":\"wp-content\\\/uploads\\\/2022\\\/03\\\/IMG-20250407-WA0016.jpg\",\"title\":\"IMG-20250407-WA0016\"}},{\"type\":\"slideshow_item\",\"props\":{\"image\":\"wp-content\\\/uploads\\\/2022\\\/03\\\/IMG-20250407-WA0013.jpg\",\"title\":\"IMG-20250407-WA0013\"}}]}]},{\"type\":\"column\",\"props\":{\"image_position\":\"center-center\",\"position_sticky_breakpoint\":\"m\",\"width_medium\":\"1-2\"},\"children\":[{\"type\":\"headline\",\"props\":{\"content\":\"NEU: Exklusiv wohnen im Bungalow mit Garten\",\"title_element\":\"h2\",\"title_style\":\"h1\"}},{\"type\":\"video\",\"props\":{\"margin\":\"default\",\"text_align\":\"center\",\"video\":\"wp-content\\\/uploads\\\/2022\\\/03\\\/Fahrschule-Bannat_Bungalow-Querformat_V1.mov\",\"video_controls\":true,\"video_poster\":\"wp-content\\\/uploads\\\/2022\\\/03\\\/2023-12-videoposter.jpg\",\"video_width\":\"850\",\"visibility\":\"hidden-m\"}},{\"type\":\"text\",\"props\":{\"column_breakpoint\":\"m\",\"content\":\"\n\n<p>F\\u00fcr alle, die es etwas ruhiger und privater m\\u00f6gen: Ab sofort steht dir auch unser <strong data-start=\\\"851\\\" data-end=\\\"880\\\">neuer Bungalow mit Garten<\\\/strong> zur Verf\\u00fcgung.<br data-start=\\\"895\\\" data-end=\\\"898\\\" \\\/>Ob allein, mit Lernpartner oder als Paar \\u2013 hier genie\\u00dft du mehr Platz, mehr Privatsph\\u00e4re und eine entspannte Atmosph\\u00e4re, um dich bestens auf deine Ausbildung zu konzentrieren.<\\\/p>\\n\n\n<ul>\\n\n\n<li>Mehr Raum f\\u00fcr dich<\\\/li>\\n\n\n<li>Ruhige Lage mit Garten<\\\/li>\\n\n\n<li>Ideal auch f\\u00fcr zwei Personen<\\\/li>\\n<\\\/ul>\\n\n\n<p>Bei Buchung deines Intensivkurses mit Unterkunft einfach angeben, dass du den Bungalow bevorzugst \\u2013 wir pr\\u00fcfen die Verf\\u00fcgbarkeit f\\u00fcr dich.<\\\/p>\",\"margin\":\"default\"}},{\"type\":\"gallery\",\"props\":{\"class\":\"uk-hidden@m\",\"css\":\".el-item {\\n  box-shadow: 0 1px 3px 0 rgba(0,0,0,.18),0 10px 40px -20px rgba(0,0,0,.3);\\n}\",\"filter_align\":\"left\",\"filter_all\":true,\"filter_grid_breakpoint\":\"m\",\"filter_grid_width\":\"auto\",\"filter_position\":\"top\",\"filter_style\":\"tab\",\"grid_column_gap\":\"small\",\"grid_default\":\"2\",\"grid_medium\":\"3\",\"grid_row_gap\":\"small\",\"grid_small\":\"3\",\"image_height\":\"200\",\"image_width\":\"300\",\"item_animation\":true,\"lightbox\":true,\"lightbox_bg_close\":true,\"link_style\":\"default\",\"link_text\":\"\",\"margin\":\"default\",\"meta_align\":\"below-title\",\"meta_element\":\"div\",\"meta_style\":\"text-meta\",\"overlay_hover\":false,\"overlay_link\":true,\"overlay_mode\":\"cover\",\"overlay_position\":\"center-left\",\"overlay_style\":\"\",\"overlay_transition\":\"fade\",\"show_content\":true,\"show_hover_image\":true,\"show_hover_video\":true,\"show_link\":true,\"show_meta\":true,\"show_title\":false,\"text_align\":\"center\",\"text_color\":\"light\",\"title_element\":\"h3\",\"title_hover_style\":\"reset\"},\"children\":[{\"type\":\"gallery_item\",\"props\":{\"image\":\"wp-content\\\/uploads\\\/2022\\\/03\\\/IMG-20250407-WA0012.jpg\",\"title\":\"IMG-20250407-WA0012\"}},{\"type\":\"gallery_item\",\"props\":{\"image\":\"wp-content\\\/uploads\\\/2022\\\/03\\\/IMG-20250407-WA0001.jpg\",\"title\":\"IMG-20250407-WA0001\"}},{\"type\":\"gallery_item\",\"props\":{\"image\":\"wp-content\\\/uploads\\\/2022\\\/03\\\/IMG-20250407-WA0002.jpg\",\"title\":\"IMG-20250407-WA0002\"}},{\"type\":\"gallery_item\",\"props\":{\"image\":\"wp-content\\\/uploads\\\/2022\\\/03\\\/IMG-20250407-WA0003.jpg\",\"title\":\"IMG-20250407-WA0003\"}},{\"type\":\"gallery_item\",\"props\":{\"image\":\"wp-content\\\/uploads\\\/2022\\\/03\\\/IMG-20250407-WA0004.jpg\",\"title\":\"IMG-20250407-WA0004\"}},{\"type\":\"gallery_item\",\"props\":{\"image\":\"wp-content\\\/uploads\\\/2022\\\/03\\\/IMG-20250407-WA0005.jpg\",\"title\":\"IMG-20250407-WA0005\"}},{\"type\":\"gallery_item\",\"props\":{\"image\":\"wp-content\\\/uploads\\\/2022\\\/03\\\/IMG-20250407-WA0006.jpg\",\"title\":\"IMG-20250407-WA0006\"}},{\"type\":\"gallery_item\",\"props\":{\"image\":\"wp-content\\\/uploads\\\/2022\\\/03\\\/IMG-20250407-WA0007.jpg\",\"title\":\"IMG-20250407-WA0007\"}},{\"type\":\"gallery_item\",\"props\":{\"image\":\"wp-content\\\/uploads\\\/2022\\\/03\\\/IMG-20250407-WA0008.jpg\",\"title\":\"IMG-20250407-WA0008\"}},{\"type\":\"gallery_item\",\"props\":{\"image\":\"wp-content\\\/uploads\\\/2022\\\/03\\\/IMG-20250407-WA0009.jpg\",\"title\":\"IMG-20250407-WA0009\"}},{\"type\":\"gallery_item\",\"props\":{\"image\":\"wp-content\\\/uploads\\\/2022\\\/03\\\/IMG-20250407-WA0010.jpg\",\"title\":\"IMG-20250407-WA0010\"}},{\"type\":\"gallery_item\",\"props\":{\"image\":\"wp-content\\\/uploads\\\/2022\\\/03\\\/IMG-20250407-WA0011.jpg\",\"title\":\"IMG-20250407-WA0011\"}},{\"type\":\"gallery_item\",\"props\":{\"image\":\"wp-content\\\/uploads\\\/2022\\\/03\\\/IMG-20250407-WA0013.jpg\",\"title\":\"IMG-20250407-WA0013\"}},{\"type\":\"gallery_item\",\"props\":{\"image\":\"wp-content\\\/uploads\\\/2022\\\/03\\\/IMG-20250407-WA0014.jpg\",\"title\":\"IMG-20250407-WA0014\"}},{\"type\":\"gallery_item\",\"props\":{\"image\":\"wp-content\\\/uploads\\\/2022\\\/03\\\/IMG-20250407-WA0015.jpg\",\"title\":\"IMG-20250407-WA0015\"}},{\"type\":\"gallery_item\",\"props\":{\"image\":\"wp-content\\\/uploads\\\/2022\\\/03\\\/IMG-20250407-WA0016.jpg\",\"title\":\"IMG-20250407-WA0016\"}}]},{\"type\":\"video\",\"props\":{\"margin\":\"default\",\"text_align\":\"center\",\"video\":\"wp-content\\\/uploads\\\/2022\\\/03\\\/Fahrschule-Bannat_Bungalow-Querformat_V1.mov\",\"video_controls\":true,\"video_poster\":\"wp-content\\\/uploads\\\/2022\\\/03\\\/2023-12-videoposter.jpg\",\"video_width\":\"850\",\"visibility\":\"m\"}}]}]}]},{\"type\":\"section\",\"props\":{\"css\":\".el-section{\\n   border-top:5px solid #fff;\\n}\",\"image\":\"http:\\\/\\\/intensivfahrschule-bannat.de\\\/wp-content\\\/uploads\\\/2021\\\/05\\\/moehne02.jpg\",\"image_position\":\"bottom-center\",\"image_size\":\"cover\",\"media_overlay\":\"rgba(0, 0, 0, 0.35)\",\"style\":\"default\",\"text_color\":\"light\",\"title_breakpoint\":\"xl\",\"title_position\":\"top-left\",\"title_rotation\":\"left\",\"vertical_align\":\"\",\"width\":\"default\"},\"children\":[{\"type\":\"row\",\"children\":[{\"type\":\"column\",\"props\":{\"image_position\":\"center-center\",\"position_sticky_breakpoint\":\"m\"},\"children\":[{\"type\":\"headline\",\"props\":{\"content\":\"Fahren lernen - egal woher du kommst!\",\"text_align\":\"center\",\"title_element\":\"h2\",\"title_style\":\"h1\"}},{\"type\":\"text\",\"props\":{\"block_align\":\"center\",\"column_breakpoint\":\"m\",\"content\":\"\n\n<p>Unser Intensiv-Fahrschulkurs ist <span style=\\\"font-weight: 900; font-size: 18px;\\\">vollkommen ortsunabh\\u00e4ngig<\\\/span> buchbar \\u2013 ihr k\\u00f6nnt europaweit teilnehmen! Auf der Karte seht ihr die Herkunft bisheriger Kunden und es werden stetig mehr. Wir sind grunds\\u00e4tzlich in der Lage, euch ein Angebot zu machen, einzige Voraussetzung ist das Beherrschen der deutschen Sprache. F\\u00fcr die Dauer der Teilnahme stehen euch in Soest und Umgebung selbstverst\\u00e4ndlich wundersch\\u00f6ne <a style=\\\"text-decoration: underline;\\\" href=\\\"https:\\\/\\\/www.google.com\\\/search?client=firefox-b-d&amp;q=hotels+soest#cobssid=s\\\" target=\\\"_blank\\\" rel=\\\"noopener\\\">Hotels zur \\u00dcbernachtung<\\\/a> zur Verf\\u00fcgung oder ihr bucht einfach eine Unterkunft direkt bei uns.<\\\/p>\",\"css\":\".el-element{\\n    color:white;\\n}\",\"margin\":\"default\",\"maxwidth\":\"2xlarge\",\"text_align\":\"center\"}}]}]},{\"type\":\"row\",\"children\":[{\"type\":\"column\",\"props\":{\"image_position\":\"center-center\",\"position_sticky_breakpoint\":\"m\"},\"children\":[{\"type\":\"text\",\"props\":{\"column_breakpoint\":\"m\",\"content\":\"\n\n<p>[cspm_main_map id=\\\"1455\\\"]<\\\/p>\",\"margin\":\"default\"}}]}]}],\"name\":\"Map\",\"modified\":\"2022-04-07T16:50:22.259Z\"},{\"type\":\"section\",\"props\":{\"css\":\".el-section{\\n   border-top:5px solid #299d86;\\n}\",\"id\":\"kosten\",\"image_position\":\"center-center\",\"style\":\"default\",\"title_breakpoint\":\"xl\",\"title_position\":\"top-left\",\"title_rotation\":\"left\",\"vertical_align\":\"\",\"width\":\"default\"},\"children\":[{\"type\":\"row\",\"children\":[{\"type\":\"column\",\"props\":{\"image_position\":\"center-center\",\"position_sticky_breakpoint\":\"m\"},\"children\":[{\"type\":\"headline\",\"props\":{\"content\":\"Wie melde ich mich f\\u00fcr den Intensivkurs an?\",\"margin_remove_bottom\":true,\"margin_remove_top\":false,\"text_align\":\"center\",\"title_element\":\"h2\",\"title_style\":\"h1\"}},{\"type\":\"text\",\"props\":{\"block_align\":\"center\",\"column_breakpoint\":\"m\",\"content\":\"\n\n<p>In diesem Video erkl\\u00e4ren wir, wie ihr euch f\\u00fcr den Intensivkurs \\\"F\\u00fchrerschein in zwei Wochen\\\" anmelden k\\u00f6nnt und welche Unterlagen ihr ben\\u00f6tigt. <\\\/p>\",\"margin\":\"default\",\"maxwidth\":\"2xlarge\",\"text_align\":\"center\"}},{\"type\":\"video\",\"props\":{\"margin\":\"default\",\"video\":\"wp-content\\\/uploads\\\/2022\\\/03\\\/FB-Intensivkurs_161222.mp4\",\"video_controls\":true,\"video_poster\":\"wp-content\\\/uploads\\\/2022\\\/03\\\/video_poster.png\"}}]}]}],\"name\":\"Kosten\"},{\"name\":\"FAQ\",\"type\":\"section\",\"props\":{\"animation\":\"slide-bottom-small\",\"animation_delay\":\"200\",\"css\":\".el-section{\\n   border-top:5px solid #299d86;\\n}\",\"id\":\"faq\",\"image_effect\":\"parallax\",\"image_parallax_bgx\":\"0,-140\",\"image_parallax_bgy\":\"0,-210\",\"image_parallax_easing\":\"1\",\"image_position\":\"bottom-right\",\"image_width\":\"350\",\"padding\":\"large\",\"padding_remove_bottom\":false,\"style\":\"muted\",\"title_breakpoint\":\"xl\",\"title_position\":\"top-left\",\"title_rotation\":\"left\",\"vertical_align\":\"\",\"width\":\"default\"},\"children\":[{\"type\":\"row\",\"props\":{\"column_gap\":\"large\",\"layout\":\"1-2,1-2\"},\"children\":[{\"type\":\"column\",\"props\":{\"image_position\":\"center-center\",\"position_sticky_breakpoint\":\"m\",\"vertical_align\":\"middle\",\"width_medium\":\"1-2\"},\"children\":[{\"type\":\"slideshow\",\"props\":{\"class\":\"uk-visible@m\",\"css\":\".el-element {\\n  box-shadow: 0 1px 3px 0 rgba(0,0,0,.18),0 10px 40px -20px rgba(0,0,0,.3);\\n}\",\"link_style\":\"default\",\"link_text\":\"Read more\",\"margin\":\"default\",\"meta_align\":\"below-title\",\"meta_element\":\"div\",\"meta_style\":\"text-meta\",\"nav\":\"dotnav\",\"nav_align\":\"center\",\"nav_breakpoint\":\"s\",\"nav_position\":\"bottom-center\",\"nav_position_margin\":\"medium\",\"overlay_animation\":\"parallax\",\"overlay_position\":\"center-left\",\"show_content\":true,\"show_link\":true,\"show_meta\":true,\"show_thumbnail\":true,\"show_title\":true,\"slidenav\":\"default\",\"slidenav_breakpoint\":\"s\",\"slidenav_margin\":\"medium\",\"slidenav_outside_breakpoint\":\"xl\",\"slideshow_autoplay_pause\":true,\"slideshow_min_height\":\"450\",\"thumbnav_height\":\"75\",\"thumbnav_svg_color\":\"emphasis\",\"thumbnav_width\":\"100\",\"title_element\":\"h3\",\"title_hover_style\":\"reset\"},\"children\":[{\"type\":\"slideshow_item\",\"props\":{\"image\":\"wp-content\\\/uploads\\\/2022\\\/03\\\/Fahrschule-Bannat-X3-2.jpg\"}}]}]},{\"type\":\"column\",\"props\":{\"image_position\":\"center-center\",\"position_sticky_breakpoint\":\"m\",\"width_medium\":\"1-2\"},\"children\":[{\"type\":\"headline\",\"props\":{\"content\":\"H\\u00e4ufig gestellte Fragen\",\"title_element\":\"h2\",\"title_style\":\"h1\"}},{\"type\":\"text\",\"props\":{\"block_align\":\"center\",\"column_breakpoint\":\"m\",\"content\":\"Alle Infos auf einen Blick\",\"margin\":\"medium\",\"margin_remove_bottom\":false,\"margin_remove_top\":true,\"maxwidth\":\"xlarge\"}},{\"type\":\"accordion\",\"props\":{\"collapsible\":true,\"content_column_breakpoint\":\"m\",\"css\":\"\\n\\n.el-item.uk-open{\\n    border:2px solid #299d86;\\n    background: white;\\n    padding:10px;\\n}\\n\\n.el-item{\\n    border:1px solid #299d86;\\n    background: white;\\n    padding:10px;\\n}\\n\\n.el-title{\\n    font-weight:700;\\n    font-size:16px;\\n}\\n\\n\\n    \\n    \",\"image_align\":\"top\",\"image_grid_breakpoint\":\"m\",\"image_grid_width\":\"1-2\",\"image_svg_color\":\"emphasis\",\"link_style\":\"default\",\"link_text\":\"Read more\",\"multiple\":false,\"show_image\":true,\"show_link\":true},\"children\":[{\"type\":\"accordion_item\",\"props\":{\"content\":\"\n\n<p>Einfach die Anmeldefunktion der Internetseite nutzen<\\\/p>\",\"title\":\"Wie melde ich mich an ?       \"}},{\"type\":\"accordion_item\",\"props\":{\"content\":\"Du brauchst zwei Wochen frei f\\u00fcr den Kurs\",\"title\":\"Kann ich den Kurs neben der Arbeit oder Schule machen ? \"}},{\"type\":\"accordion_item\",\"props\":{\"content\":\"Den Antrag am StVA f\\u00fcr den F\\u00fchrerschein stellen, so das er zum Kursstart bearbeitet ist ( Dauer abh\\u00e4ngig vom StVA). Au\\u00dferdem musst du in der Fragen Lern App mindestens bei 60% sein. Am sichersten w\\u00e4ren 100%\",\"title\":\"Was muss ich vor Kursbeginn machen ? \"}},{\"type\":\"accordion_item\",\"props\":{\"content\":\"Antragsformular, Unterschriften Aufkleber, Erste Hilfe Kurs ( Bei uns in der Fahrschule m\\u00f6glich) und Sehtest ( Beim Optiker )\",\"title\":\"Was brauche ich f\\u00fcr den Antrag ? \"}},{\"type\":\"accordion_item\",\"props\":{\"content\":\"Du musst einen freien Platz reservieren f\\u00fcr angebotene Intensivkurse. Die Pl\\u00e4tze daf\\u00fcr sind begrenzt.\",\"title\":\"Kann ich jeder Zeit einen Kurs starten ? \"}},{\"type\":\"accordion_item\",\"props\":{\"content\":\"Dein Wohnort ist daf\\u00fcr nicht entscheident. Nur f\\u00fcr den Kurs musst du zwei Wochen hier vor Ort sein. \",\"title\":\"Muss ich aus dem Kreis Soest kommen f\\u00fcr einen Intensivkurs ? \"}}]}]}]}]},{\"type\":\"section\",\"props\":{\"css\":\".el-section{\\n    background-color:#299d86;\\n}\",\"image_position\":\"center-center\",\"style\":\"secondary\",\"title_breakpoint\":\"xl\",\"title_position\":\"top-left\",\"title_rotation\":\"left\",\"vertical_align\":\"\",\"width\":\"default\"},\"children\":[{\"type\":\"row\",\"props\":{\"column_gap\":\"small\",\"layout\":\"2-3,1-3\"},\"children\":[{\"type\":\"column\",\"props\":{\"image_position\":\"center-center\",\"position_sticky_breakpoint\":\"m\",\"width_medium\":\"2-3\"},\"children\":[{\"type\":\"headline\",\"props\":{\"content\":\"Bucht jetzt das Komplettpaket - <br \/>\\nder F\\u00fchrerschein kann im Handumdrehen euch geh\\u00f6ren.\",\"title_element\":\"h2\",\"title_style\":\"h1\"}}]},{\"type\":\"column\",\"props\":{\"image_position\":\"center-center\",\"position_sticky_breakpoint\":\"m\",\"vertical_align\":\"middle\",\"width_medium\":\"1-3\"},\"children\":[{\"type\":\"button\",\"props\":{\"button_size\":\"large\",\"css\":\".el-content{\\n    font-size:16px;\\n}\",\"grid_column_gap\":\"small\",\"grid_row_gap\":\"small\",\"margin\":\"default\"},\"children\":[{\"type\":\"button_item\",\"props\":{\"button_style\":\"primary\",\"content\":\"Jetzt Kurs buchen\",\"dialog_layout\":\"modal\",\"dialog_offcanvas_flip\":true,\"icon_align\":\"left\",\"link\":\"#buchen\"}}]}]}]}]},{\"type\":\"section\",\"props\":{\"css\":\".el-section{\\n   border-top:5px solid #299d86;\\n}\",\"id\":\"buchen\",\"image_position\":\"center-center\",\"style\":\"muted\",\"title_breakpoint\":\"xl\",\"title_position\":\"top-left\",\"title_rotation\":\"left\",\"vertical_align\":\"\",\"width\":\"default\"},\"children\":[{\"type\":\"row\",\"children\":[{\"type\":\"column\",\"props\":{\"image_position\":\"center-center\",\"position_sticky_breakpoint\":\"m\"},\"children\":[{\"type\":\"headline\",\"props\":{\"content\":\"Termin und Unterkunft online buchen\",\"margin_remove_bottom\":true,\"margin_remove_top\":false,\"text_align\":\"center\",\"title_element\":\"h2\",\"title_style\":\"heading-small\"}},{\"type\":\"text\",\"props\":{\"block_align\":\"center\",\"column_breakpoint\":\"m\",\"content\":\"\n\n<p>Freie Termine k\\u00f6nnt ihr hier auf den ersten Blick sehen und nat\\u00fcrlich auch direkt buchen. Aufgrund hoher Nachfrage werden Termine meist schnell vergeben, bitte plant deshalb im Voraus.<\\\/p>\",\"margin\":\"default\",\"maxwidth\":\"2xlarge\",\"text_align\":\"center\"}},{\"type\":\"divider\",\"props\":{\"divider_element\":\"hr\"}},{\"type\":\"text\",\"props\":{\"block_align\":\"center\",\"column_breakpoint\":\"m\",\"content\":\"\n\n<p><span style=\\\"font-size: 18px; font-weight: 800; color: #299d86;\\\">Neu!<\\\/span> Ab sofort habt ihr auch die M\\u00f6glichkeit, direkt im Buchungsprozess einen Unterkunftsplatz zu buchen. Unsere praktische Unterkunft direkt vor Ort bietet euch alles, was ihr f\\u00fcr einen erfolgreichen Kurs braucht und ist zum Preis von nur <span style=\\\"font-size: 18px; font-weight: 800; color: #299d86;\\\">350\\u20ac<\\\/span> f\\u00fcr den gesamten Kurszeitraum verf\\u00fcgbar.<\\\/p>\",\"margin\":\"default\",\"maxwidth\":\"2xlarge\",\"text_align\":\"center\"}},{\"type\":\"divider\",\"props\":{\"divider_element\":\"hr\"}},{\"type\":\"panel\",\"props\":{\"block_align\":\"center\",\"content_column_breakpoint\":\"m\",\"icon_width\":80,\"image_align\":\"top\",\"image_grid_breakpoint\":\"m\",\"image_grid_width\":\"1-2\",\"image_svg_color\":\"emphasis\",\"link_style\":\"default\",\"link_text\":\"Read more\",\"margin\":\"default\",\"maxwidth\":\"2xlarge\",\"meta_align\":\"below-title\",\"meta_element\":\"div\",\"meta_style\":\"text-meta\",\"panel_padding\":\"default\",\"panel_style\":\"card-default\",\"text_align\":\"center\",\"title\":\"<span style=\\\"font-size:28px;\\\">Onlinebuchung nur f\\u00fcr die Klasse B! <\\\/span>\n\n Um einen Termin f\\u00fcr alle weiteren F\\u00fchrerscheinklassen zu buchen, meldet euch per E-Mail an \n\n<a style=\\\" font-size:26px; color:#299d86;\\\" href=\\\"mailto:hallo@fahrschule-bannat.de\\\">hallo@fahrschule-bannat.de<\\\/a>\",\"title_align\":\"top\",\"title_element\":\"h3\",\"title_grid_breakpoint\":\"m\",\"title_grid_width\":\"1-2\",\"title_hover_style\":\"reset\",\"title_style\":\"h4\"}},{\"type\":\"text\",\"props\":{\"column_breakpoint\":\"m\",\"content\":\"\",\"margin\":\"default\"}},{\"type\":\"text\",\"props\":{\"column_breakpoint\":\"m\",\"content\":\"[bookingactivities_form form=\\\"1\\\"]\",\"margin\":\"default\"}},{\"type\":\"text\",\"props\":{\"block_align\":\"center\",\"column_breakpoint\":\"m\",\"content\":\"\n\n<p>*<strong>Bitte beachte:<\\\/strong> Die erhobene Geb\\u00fchr von 299,- \\u20ac wird mit dem Kursbetrag verrechnet. Solltest du nicht zum Kurs antreten k\\u00f6nnen, besteht einmalig die M\\u00f6glichkeit zur Verschiebung des Kurses. Andernfalls wird die Geb\\u00fchr als Aufwand f\\u00fcr Verwaltung und Bereitstellung der Ressourcen angesehen.\\\"<\\\/p>\",\"margin\":\"default\",\"maxwidth\":\"2xlarge\"}}]}]}],\"name\":\"Buchen\"}],\"version\":\"4.5.7\"} --><\/p>\n","protected":false},"excerpt":{"rendered":"<p>Ruf uns an 0174 9873738 Erreichbar von Mo-Fr: 09:00 &#8211; 18:00 Uhr Kurs buchen Intensiv Fahrschule Kosten FAQ \u00dcbernachtung Jetzt Kurs buchen Neu! Jetzt Unterkunft f\u00fcr deinen Intensivkurs buchen &#8211; nur 350 EUR f\u00fcr 14 Tage! Jetzt informieren Neu! Jetzt Unterkunft f\u00fcr deinen Intensivkurs buchen &#8211; nur 350 EUR f\u00fcr 14 Tage! Jetzt informieren Wenn [&hellip;]<\/p>\n","protected":false},"author":2,"featured_media":0,"parent":0,"menu_order":3,"comment_status":"open","ping_status":"open","template":"","meta":{"_acf_changed":false,"footnotes":""},"class_list":["post-4","page","type-page","status-publish","hentry"],"acf":[],"yoast_head":"<!-- This site is optimized with the Yoast SEO plugin v27.3 - https:\/\/yoast.com\/product\/yoast-seo-wordpress\/ -->\n<title>Home - Intensiv Fahrschule Bannat<\/title>\n<meta name=\"description\" content=\"In 14 Tagen zum F\u00fchrerschein mit der Fahrschule Bannat aus Soest. Unser Intensivkurs am M\u00f6hnesee macht es m\u00f6glich. Theorie auch in 7 Tagen!\" \/>\n<meta name=\"robots\" content=\"index, follow, max-snippet:-1, max-image-preview:large, max-video-preview:-1\" \/>\n<link rel=\"canonical\" href=\"https:\/\/intensivfahrschule-bannat.de\/\" \/>\n<meta property=\"og:locale\" content=\"de_DE\" \/>\n<meta property=\"og:type\" content=\"article\" \/>\n<meta property=\"og:title\" content=\"Home - Intensiv Fahrschule Bannat\" \/>\n<meta property=\"og:description\" content=\"In 14 Tagen zum F\u00fchrerschein mit der Fahrschule Bannat aus Soest. Unser Intensivkurs am M\u00f6hnesee macht es m\u00f6glich. Theorie auch in 7 Tagen!\" \/>\n<meta property=\"og:url\" content=\"https:\/\/intensivfahrschule-bannat.de\/\" \/>\n<meta property=\"og:site_name\" content=\"Intensiv Fahrschule Bannat\" \/>\n<meta property=\"article:modified_time\" content=\"2026-01-26T10:48:01+00:00\" \/>\n<meta name=\"twitter:card\" content=\"summary_large_image\" \/>\n<meta name=\"twitter:label1\" content=\"Gesch\u00e4tzte Lesezeit\" \/>\n\t<meta name=\"twitter:data1\" content=\"8\u00a0Minuten\" \/>\n<script type=\"application\/ld+json\" class=\"yoast-schema-graph\">{\"@context\":\"https:\\\/\\\/schema.org\",\"@graph\":[{\"@type\":\"WebPage\",\"@id\":\"https:\\\/\\\/intensivfahrschule-bannat.de\\\/\",\"url\":\"https:\\\/\\\/intensivfahrschule-bannat.de\\\/\",\"name\":\"Home - Intensiv Fahrschule Bannat\",\"isPartOf\":{\"@id\":\"https:\\\/\\\/intensivfahrschule-bannat.de\\\/#website\"},\"datePublished\":\"2019-06-20T16:29:20+00:00\",\"dateModified\":\"2026-01-26T10:48:01+00:00\",\"description\":\"In 14 Tagen zum F\u00fchrerschein mit der Fahrschule Bannat aus Soest. Unser Intensivkurs am M\u00f6hnesee macht es m\u00f6glich. Theorie auch in 7 Tagen!\",\"breadcrumb\":{\"@id\":\"https:\\\/\\\/intensivfahrschule-bannat.de\\\/#breadcrumb\"},\"inLanguage\":\"de\",\"potentialAction\":[{\"@type\":\"ReadAction\",\"target\":[\"https:\\\/\\\/intensivfahrschule-bannat.de\\\/\"]}]},{\"@type\":\"BreadcrumbList\",\"@id\":\"https:\\\/\\\/intensivfahrschule-bannat.de\\\/#breadcrumb\",\"itemListElement\":[{\"@type\":\"ListItem\",\"position\":1,\"name\":\"Startseite\",\"item\":\"https:\\\/\\\/intensivfahrschule-bannat.de\\\/\"},{\"@type\":\"ListItem\",\"position\":2,\"name\":\"Home\"}]},{\"@type\":\"WebSite\",\"@id\":\"https:\\\/\\\/intensivfahrschule-bannat.de\\\/#website\",\"url\":\"https:\\\/\\\/intensivfahrschule-bannat.de\\\/\",\"name\":\"Intensiv Fahrschule Bannat\",\"description\":\"F\u00fchrerschein in 7 Tagen\",\"potentialAction\":[{\"@type\":\"SearchAction\",\"target\":{\"@type\":\"EntryPoint\",\"urlTemplate\":\"https:\\\/\\\/intensivfahrschule-bannat.de\\\/?s={search_term_string}\"},\"query-input\":{\"@type\":\"PropertyValueSpecification\",\"valueRequired\":true,\"valueName\":\"search_term_string\"}}],\"inLanguage\":\"de\"}]}<\/script>\n<!-- \/ Yoast SEO plugin. -->","yoast_head_json":{"title":"Home - Intensiv Fahrschule Bannat","description":"In 14 Tagen zum F\u00fchrerschein mit der Fahrschule Bannat aus Soest. Unser Intensivkurs am M\u00f6hnesee macht es m\u00f6glich. Theorie auch in 7 Tagen!","robots":{"index":"index","follow":"follow","max-snippet":"max-snippet:-1","max-image-preview":"max-image-preview:large","max-video-preview":"max-video-preview:-1"},"canonical":"https:\/\/intensivfahrschule-bannat.de\/","og_locale":"de_DE","og_type":"article","og_title":"Home - Intensiv Fahrschule Bannat","og_description":"In 14 Tagen zum F\u00fchrerschein mit der Fahrschule Bannat aus Soest. Unser Intensivkurs am M\u00f6hnesee macht es m\u00f6glich. Theorie auch in 7 Tagen!","og_url":"https:\/\/intensivfahrschule-bannat.de\/","og_site_name":"Intensiv Fahrschule Bannat","article_modified_time":"2026-01-26T10:48:01+00:00","twitter_card":"summary_large_image","twitter_misc":{"Gesch\u00e4tzte Lesezeit":"8\u00a0Minuten"},"schema":{"@context":"https:\/\/schema.org","@graph":[{"@type":"WebPage","@id":"https:\/\/intensivfahrschule-bannat.de\/","url":"https:\/\/intensivfahrschule-bannat.de\/","name":"Home - Intensiv Fahrschule Bannat","isPartOf":{"@id":"https:\/\/intensivfahrschule-bannat.de\/#website"},"datePublished":"2019-06-20T16:29:20+00:00","dateModified":"2026-01-26T10:48:01+00:00","description":"In 14 Tagen zum F\u00fchrerschein mit der Fahrschule Bannat aus Soest. Unser Intensivkurs am M\u00f6hnesee macht es m\u00f6glich. Theorie auch in 7 Tagen!","breadcrumb":{"@id":"https:\/\/intensivfahrschule-bannat.de\/#breadcrumb"},"inLanguage":"de","potentialAction":[{"@type":"ReadAction","target":["https:\/\/intensivfahrschule-bannat.de\/"]}]},{"@type":"BreadcrumbList","@id":"https:\/\/intensivfahrschule-bannat.de\/#breadcrumb","itemListElement":[{"@type":"ListItem","position":1,"name":"Startseite","item":"https:\/\/intensivfahrschule-bannat.de\/"},{"@type":"ListItem","position":2,"name":"Home"}]},{"@type":"WebSite","@id":"https:\/\/intensivfahrschule-bannat.de\/#website","url":"https:\/\/intensivfahrschule-bannat.de\/","name":"Intensiv Fahrschule Bannat","description":"F\u00fchrerschein in 7 Tagen","potentialAction":[{"@type":"SearchAction","target":{"@type":"EntryPoint","urlTemplate":"https:\/\/intensivfahrschule-bannat.de\/?s={search_term_string}"},"query-input":{"@type":"PropertyValueSpecification","valueRequired":true,"valueName":"search_term_string"}}],"inLanguage":"de"}]}},"_links":{"self":[{"href":"https:\/\/intensivfahrschule-bannat.de\/index.php?rest_route=\/wp\/v2\/pages\/4","targetHints":{"allow":["GET"]}}],"collection":[{"href":"https:\/\/intensivfahrschule-bannat.de\/index.php?rest_route=\/wp\/v2\/pages"}],"about":[{"href":"https:\/\/intensivfahrschule-bannat.de\/index.php?rest_route=\/wp\/v2\/types\/page"}],"author":[{"embeddable":true,"href":"https:\/\/intensivfahrschule-bannat.de\/index.php?rest_route=\/wp\/v2\/users\/2"}],"replies":[{"embeddable":true,"href":"https:\/\/intensivfahrschule-bannat.de\/index.php?rest_route=%2Fwp%2Fv2%2Fcomments&post=4"}],"version-history":[{"count":5,"href":"https:\/\/intensivfahrschule-bannat.de\/index.php?rest_route=\/wp\/v2\/pages\/4\/revisions"}],"predecessor-version":[{"id":1772,"href":"https:\/\/intensivfahrschule-bannat.de\/index.php?rest_route=\/wp\/v2\/pages\/4\/revisions\/1772"}],"wp:attachment":[{"href":"https:\/\/intensivfahrschule-bannat.de\/index.php?rest_route=%2Fwp%2Fv2%2Fmedia&parent=4"}],"curies":[{"name":"wp","href":"https:\/\/api.w.org\/{rel}","templated":true}]}}